{"id":4165,"date":"2022-12-01T15:41:41","date_gmt":"2022-12-01T14:41:41","guid":{"rendered":"https:\/\/www.ungerplus.de\/?post_type=project&#038;p=4165"},"modified":"2022-12-04T14:35:07","modified_gmt":"2022-12-04T13:35:07","slug":"bauwirtschaft-bw","status":"publish","type":"project","link":"https:\/\/www.ungerplus.de\/en\/projekte\/bauwirtschaft-bw\/","title":{"rendered":"Bauwirtschaft BW"},"content":{"rendered":"<p>[et_pb_section fb_built=&#8221;1&#8243; admin_label=&#8221;Sektion&#8221; _builder_version=&#8221;4.18.0&#8243; _module_preset=&#8221;default&#8221; background_enable_color=&#8221;off&#8221; width=&#8221;100%&#8221; max_width=&#8221;100%&#8221; custom_margin=&#8221;0px||0px||false|false&#8221; custom_padding=&#8221;0px||0px||false|false&#8221; locked=&#8221;off&#8221; global_colors_info=&#8221;{}&#8221;][et_pb_row column_structure=&#8221;1_3,2_3&#8243; use_custom_gutter=&#8221;on&#8221; gutter_width=&#8221;1&#8243; make_equal=&#8221;on&#8221; module_class=&#8221;header-img&#8221; _builder_version=&#8221;4.18.0&#8243; _module_preset=&#8221;default&#8221; width=&#8221;100%&#8221; max_width=&#8221;100%&#8221; custom_padding=&#8221;0px||0px||false|false&#8221; global_colors_info=&#8221;{}&#8221;][et_pb_column type=&#8221;1_3&#8243; _builder_version=&#8221;4.17.6&#8243; _module_preset=&#8221;default&#8221; global_colors_info=&#8221;{}&#8221;][\/et_pb_column][et_pb_column type=&#8221;2_3&#8243; module_class=&#8221;header-colmobile&#8221; _builder_version=&#8221;4.18.0&#8243; _module_preset=&#8221;default&#8221; global_colors_info=&#8221;{}&#8221;][et_pb_image src=&#8221;https:\/\/www.ungerplus.de\/wp-content\/uploads\/2022\/12\/bauwirtschaft_website_ungerplus.jpg&#8221; alt=&#8221;Design f\u00fcr die Bauwirtschaft in Baden-W\u00fcrttemberg&#8221; align=&#8221;right&#8221; _builder_version=&#8221;4.19.0&#8243; _module_preset=&#8221;default&#8221; global_colors_info=&#8221;{}&#8221;][\/et_pb_image][\/et_pb_column][\/et_pb_row][\/et_pb_section][et_pb_section fb_built=&#8221;1&#8243; custom_padding_last_edited=&#8221;on|tablet&#8221; admin_label=&#8221;Sektion&#8221; _builder_version=&#8221;4.18.0&#8243; _module_preset=&#8221;default&#8221; background_enable_color=&#8221;off&#8221; width=&#8221;100%&#8221; max_width=&#8221;100%&#8221; custom_margin=&#8221;0px||0px||false|false&#8221; custom_padding=&#8221;0px||0px||false|false&#8221; custom_padding_tablet=&#8221;50px||||false|false&#8221; custom_padding_phone=&#8221;50px||||false|false&#8221; locked=&#8221;off&#8221; global_colors_info=&#8221;{}&#8221;][et_pb_row use_custom_gutter=&#8221;on&#8221; gutter_width=&#8221;1&#8243; make_equal=&#8221;on&#8221; _builder_version=&#8221;4.17.6&#8243; _module_preset=&#8221;default&#8221; custom_padding=&#8221;0px||0px||false|false&#8221; global_colors_info=&#8221;{}&#8221;][et_pb_column type=&#8221;4_4&#8243; _builder_version=&#8221;4.17.6&#8243; _module_preset=&#8221;default&#8221; global_colors_info=&#8221;{}&#8221;][et_pb_text module_class=&#8221;header-title&#8221; _builder_version=&#8221;4.18.0&#8243; _dynamic_attributes=&#8221;content&#8221; _module_preset=&#8221;default&#8221; background_layout=&#8221;dark&#8221; custom_margin=&#8221;||80px||false|false&#8221; custom_margin_tablet=&#8221;||20px||false|false&#8221; custom_margin_phone=&#8221;||20px||false|false&#8221; custom_margin_last_edited=&#8221;on|tablet&#8221; global_colors_info=&#8221;{}&#8221;]@ET-DC@eyJkeW5hbWljIjp0cnVlLCJjb250ZW50IjoicG9zdF90aXRsZSIsInNldHRpbmdzIjp7ImJlZm9yZSI6IiIsImFmdGVyIjoiIn19@[\/et_pb_text][et_pb_text module_class=&#8221;font-animated&#8221; _builder_version=&#8221;4.19.0&#8243; _module_preset=&#8221;default&#8221; width=&#8221;100%&#8221; width_tablet=&#8221;&#8221; width_phone=&#8221;&#8221; width_last_edited=&#8221;on|desktop&#8221; max_width=&#8221;1080px&#8221; global_colors_info=&#8221;{}&#8221;]<\/p>\n<h3 class=\"align-center\">ALLE BAUKUNST BEZWECKT EINE EINWIRKUNG AUF DEN GEIST, NICHT NUR EINEN SCHUTZ F\u00dcR DEN K\u00d6RPER.<\/h3>\n<p>[\/et_pb_text][et_pb_text _builder_version=&#8221;4.19.0&#8243; _module_preset=&#8221;default&#8221; background_layout=&#8221;dark&#8221; width=&#8221;100%&#8221; width_tablet=&#8221;&#8221; width_phone=&#8221;&#8221; width_last_edited=&#8221;on|desktop&#8221; max_width=&#8221;1080px&#8221; global_colors_info=&#8221;{}&#8221;]<\/p>\n<p>Von dieser Feststellung John Ruskins \u2013\u00a0einem englischen\u00a0Schriftsteller, Kunstkritiker und Sozialphilosophen \u2013\u00a0kann man doch sehr branchenspezifisch behaupten: sie trifft den Nagel auf den Kopf! Denn die rund 1.700 Mitglieder dieses Branchenverbands aus KMU und bauindustriellen Gro\u00dfbetrieben sind nicht nur mit dem Wohnungsbau befasst. Vielmehr arbeiten deren gut 43.000 Besch\u00e4ftigte in allen Bereichen des Hoch-, Tief-, Stra\u00dfen- und des Ausbaus. Bei der Baukunst f\u00fcr eine gut konstruierte Website und deren repr\u00e4sentative Wirkung vertraute die BBW aber auf Geist und handwerkliches Geschick unserer Besch\u00e4ftigten.\u00a0Nicht, dass wir uns damit f\u00fcr den \u201ered dot award\u201c bewerben wollen \u2013\u00a0aber schon kurz nach dem roten Punkt f\u00fcr die Baufreigabe entstanden auch die Multisites f\u00fcr den\u00a0<a class=\"external-link-new-window\" title=\"Opens internal link in new window\" href=\"https:\/\/www.fliesen-bw.de\/\" target=\"_blank\" rel=\"noopener\">Lan\u00addes\u00adin\u00adnungs\u00adver\u00adband Flie\u00adsen Ba\u00adden-W\u00fcrt\u00adtem\u00adberg<\/a>, den <a class=\"external-link-new-window\" title=\"Opens internal link in new window\" href=\"https:\/\/www.fussbodenbau-bw.de\/\" target=\"_blank\" rel=\"noopener\">Fachverband Fu\u00dfbodenbau Baden-W\u00fcrttemberg \u2013 Innung Estrich und Belag W\u00fcrttemberg<\/a>, die <a class=\"external-link-new-window\" title=\"Opens internal link in new window\" href=\"https:\/\/bildung.bauwirtschaft-bw.de\/\" target=\"_blank\" rel=\"noopener\">Bildungsakademie der Bauwirtschaft<\/a> und die\u00a0<a class=\"external-link-new-window\" title=\"Opens internal link in new window\" href=\"https:\/\/landesvereinigung-bauwirtschaft.de\/\" target=\"_blank\" rel=\"noopener\">Lan\u00addes\u00adver\u00adei\u00adni\u00adgung Bau\u00adwirt\u00adschaft Ba\u00adden-W\u00fcrt\u00adtem\u00adberg<\/a>. Die\u00a0Gewerke: Konzeption, Design und Programmierung der responsiven Imagewebsites,\u00a0Planung und Durchf\u00fchrung von Fotoshootings,\u00a0Gestaltung von Brosch\u00fcren und\u00a0weiterer Projekte im Printbereich.\u00a0Naja, was man in einer Kreativagentur halt so plant und baut.<\/p>\n<p>[\/et_pb_text][et_pb_button button_url=&#8221;https:\/\/www.bauwirtschaft-bw.de&#8221; url_new_window=&#8221;on&#8221; button_text=&#8221;Zur Website&#8221; module_class=&#8221;button-color&#8221; _builder_version=&#8221;4.19.0&#8243; _module_preset=&#8221;default&#8221; custom_margin=&#8221;30px||||false|false&#8221; custom_padding=&#8221;||||false|false&#8221; global_colors_info=&#8221;{}&#8221;][\/et_pb_button][\/et_pb_column][\/et_pb_row][\/et_pb_section][et_pb_section fb_built=&#8221;1&#8243; custom_padding_last_edited=&#8221;on|tablet&#8221; _builder_version=&#8221;4.18.0&#8243; _module_preset=&#8221;default&#8221; background_color=&#8221;RGBA(255,255,255,0)&#8221; custom_padding=&#8221;123px||0px||false|false&#8221; custom_padding_tablet=&#8221;20px||||false|false&#8221; custom_padding_phone=&#8221;20px||||false|false&#8221; global_colors_info=&#8221;{}&#8221;][et_pb_row _builder_version=&#8221;4.18.0&#8243; _module_preset=&#8221;default&#8221; custom_padding=&#8221;15px||15px||false|false&#8221; global_colors_info=&#8221;{}&#8221;][et_pb_column type=&#8221;4_4&#8243; _builder_version=&#8221;4.18.0&#8243; _module_preset=&#8221;default&#8221; animation_style=&#8221;slide&#8221; animation_direction=&#8221;bottom&#8221; animation_duration=&#8221;700ms&#8221; animation_intensity_slide=&#8221;20%&#8221; global_colors_info=&#8221;{}&#8221;][et_pb_video _builder_version=&#8221;4.19.0&#8243; _module_preset=&#8221;default&#8221; src=&#8221;https:\/\/youtu.be\/H9rm4kQ9pF8&#8243; hover_enabled=&#8221;0&#8243; sticky_enabled=&#8221;0&#8243;][\/et_pb_video][\/et_pb_column][\/et_pb_row][et_pb_row _builder_version=&#8221;4.18.0&#8243; _module_preset=&#8221;default&#8221; custom_padding=&#8221;15px||15px||false|false&#8221; global_colors_info=&#8221;{}&#8221;][et_pb_column type=&#8221;4_4&#8243; _builder_version=&#8221;4.18.0&#8243; _module_preset=&#8221;default&#8221; animation_style=&#8221;slide&#8221; animation_direction=&#8221;bottom&#8221; animation_duration=&#8221;700ms&#8221; animation_intensity_slide=&#8221;20%&#8221; global_colors_info=&#8221;{}&#8221;][et_pb_image src=&#8221;https:\/\/www.ungerplus.de\/wp-content\/uploads\/2022\/12\/bauwirtschaft_bw_website_ungerplus_1.jpg&#8221; alt=&#8221;Verschiedene Multisites mit dem CMS Typo 3 f\u00fcr die Bauwirtschaft Baden-W\u00fcrttemberg&#8221; _builder_version=&#8221;4.19.0&#8243; _module_preset=&#8221;default&#8221; animation_direction=&#8221;bottom&#8221; global_colors_info=&#8221;{}&#8221;][\/et_pb_image][\/et_pb_column][\/et_pb_row][et_pb_row column_structure=&#8221;1_2,1_2&#8243; use_custom_gutter=&#8221;on&#8221; gutter_width=&#8221;1&#8243; make_equal=&#8221;on&#8221; module_class=&#8221;porfolio-twoimg&#8221; _builder_version=&#8221;4.18.0&#8243; _module_preset=&#8221;default&#8221; custom_padding=&#8221;15px||15px||false|false&#8221; global_colors_info=&#8221;{}&#8221;][et_pb_column type=&#8221;1_2&#8243; _builder_version=&#8221;4.18.0&#8243; _module_preset=&#8221;default&#8221; background_color=&#8221;#2f2f2f&#8221; animation_style=&#8221;slide&#8221; animation_direction=&#8221;bottom&#8221; animation_duration=&#8221;700ms&#8221; animation_intensity_slide=&#8221;20%&#8221; global_colors_info=&#8221;{}&#8221;][et_pb_image src=&#8221;https:\/\/www.ungerplus.de\/wp-content\/uploads\/2022\/12\/bauwirtschaft_bw_website_ungerplus_3.jpg&#8221; alt=&#8221;Responsive Website Bauwirtschaft Baden-W\u00fcrttemberg&#8221; admin_label=&#8221;Bild&#8221; _builder_version=&#8221;4.19.0&#8243; _module_preset=&#8221;default&#8221; animation_direction=&#8221;bottom&#8221; global_colors_info=&#8221;{}&#8221;][\/et_pb_image][\/et_pb_column][et_pb_column type=&#8221;1_2&#8243; _builder_version=&#8221;4.18.0&#8243; _module_preset=&#8221;default&#8221; background_color=&#8221;#2f2f2f&#8221; animation_style=&#8221;slide&#8221; animation_direction=&#8221;bottom&#8221; animation_duration=&#8221;700ms&#8221; animation_intensity_slide=&#8221;20%&#8221; global_colors_info=&#8221;{}&#8221;][et_pb_image src=&#8221;https:\/\/www.ungerplus.de\/wp-content\/uploads\/2022\/12\/bauwirtschaft_bw_website_ungerplus_4.jpg&#8221; alt=&#8221;Responsive Website Bauwirtschaft Baden-W\u00fcrttemberg&#8221; _builder_version=&#8221;4.19.0&#8243; _module_preset=&#8221;default&#8221; animation_direction=&#8221;bottom&#8221; global_colors_info=&#8221;{}&#8221;][\/et_pb_image][\/et_pb_column][\/et_pb_row][et_pb_row _builder_version=&#8221;4.18.0&#8243; _module_preset=&#8221;default&#8221; custom_padding=&#8221;15px||15px||false|false&#8221; global_colors_info=&#8221;{}&#8221;][et_pb_column type=&#8221;4_4&#8243; _builder_version=&#8221;4.18.0&#8243; _module_preset=&#8221;default&#8221; animation_style=&#8221;slide&#8221; animation_direction=&#8221;bottom&#8221; animation_duration=&#8221;700ms&#8221; animation_intensity_slide=&#8221;20%&#8221; global_colors_info=&#8221;{}&#8221;][et_pb_image src=&#8221;https:\/\/www.ungerplus.de\/wp-content\/uploads\/2022\/12\/bauwirtschaft_bw_website_ungerplus_6.gif&#8221; alt=&#8221;Website Bauwirtschaft Baden-W\u00fcrttemberg&#8221; title_text=&#8221;bauwirtschaft_bw_website_ungerplus_6&#8243; _builder_version=&#8221;4.19.0&#8243; _module_preset=&#8221;default&#8221; animation_direction=&#8221;bottom&#8221; global_colors_info=&#8221;{}&#8221;][\/et_pb_image][\/et_pb_column][\/et_pb_row][et_pb_row _builder_version=&#8221;4.18.0&#8243; _module_preset=&#8221;default&#8221; custom_padding=&#8221;15px||15px||false|false&#8221; global_colors_info=&#8221;{}&#8221;][et_pb_column type=&#8221;4_4&#8243; _builder_version=&#8221;4.18.0&#8243; _module_preset=&#8221;default&#8221; animation_style=&#8221;slide&#8221; animation_direction=&#8221;bottom&#8221; animation_duration=&#8221;700ms&#8221; animation_intensity_slide=&#8221;20%&#8221; global_colors_info=&#8221;{}&#8221;][et_pb_image src=&#8221;https:\/\/www.ungerplus.de\/wp-content\/uploads\/2022\/12\/bauwirtschaft_bw_website_ungerplus_5.jpg&#8221; alt=&#8221;Website Bauwirtschaft Baden-W\u00fcrttemberg&#8221; _builder_version=&#8221;4.19.0&#8243; _module_preset=&#8221;default&#8221; animation_direction=&#8221;bottom&#8221; global_colors_info=&#8221;{}&#8221;][\/et_pb_image][\/et_pb_column][\/et_pb_row][et_pb_row column_structure=&#8221;1_2,1_2&#8243; use_custom_gutter=&#8221;on&#8221; gutter_width=&#8221;1&#8243; make_equal=&#8221;on&#8221; module_class=&#8221;porfolio-twoimg&#8221; _builder_version=&#8221;4.18.0&#8243; _module_preset=&#8221;default&#8221; custom_padding=&#8221;15px||15px||false|false&#8221; global_colors_info=&#8221;{}&#8221;][et_pb_column type=&#8221;1_2&#8243; _builder_version=&#8221;4.18.0&#8243; _module_preset=&#8221;default&#8221; background_color=&#8221;#2f2f2f&#8221; animation_style=&#8221;slide&#8221; animation_direction=&#8221;bottom&#8221; animation_duration=&#8221;700ms&#8221; animation_intensity_slide=&#8221;20%&#8221; global_colors_info=&#8221;{}&#8221;][et_pb_image src=&#8221;https:\/\/www.ungerplus.de\/wp-content\/uploads\/2022\/12\/bauwirtschaft_bw_website_ungerplus_7.jpg&#8221; alt=&#8221;Illustration einer Karte als Infografik f\u00fcr die Bauwirtschaft in Baden-W\u00fcrttemberg&#8221; admin_label=&#8221;Bild&#8221; _builder_version=&#8221;4.19.0&#8243; _module_preset=&#8221;default&#8221; animation_direction=&#8221;bottom&#8221; global_colors_info=&#8221;{}&#8221;][\/et_pb_image][\/et_pb_column][et_pb_column type=&#8221;1_2&#8243; _builder_version=&#8221;4.18.0&#8243; _module_preset=&#8221;default&#8221; background_color=&#8221;#2f2f2f&#8221; animation_style=&#8221;slide&#8221; animation_direction=&#8221;bottom&#8221; animation_duration=&#8221;700ms&#8221; animation_intensity_slide=&#8221;20%&#8221; global_colors_info=&#8221;{}&#8221;][et_pb_image src=&#8221;https:\/\/www.ungerplus.de\/wp-content\/uploads\/2022\/12\/bauwirtschaft_bw_website_ungerplus_8.jpg&#8221; alt=&#8221;Website Bauwirtschaft Baden-W\u00fcrttemberg&#8221; _builder_version=&#8221;4.19.0&#8243; _module_preset=&#8221;default&#8221; animation_direction=&#8221;bottom&#8221; global_colors_info=&#8221;{}&#8221;][\/et_pb_image][\/et_pb_column][\/et_pb_row][et_pb_row _builder_version=&#8221;4.18.0&#8243; _module_preset=&#8221;default&#8221; custom_padding=&#8221;15px||15px||false|false&#8221; global_colors_info=&#8221;{}&#8221;][et_pb_column type=&#8221;4_4&#8243; _builder_version=&#8221;4.18.0&#8243; _module_preset=&#8221;default&#8221; animation_style=&#8221;slide&#8221; animation_direction=&#8221;bottom&#8221; animation_duration=&#8221;700ms&#8221; animation_intensity_slide=&#8221;20%&#8221; global_colors_info=&#8221;{}&#8221;][et_pb_image src=&#8221;https:\/\/www.ungerplus.de\/wp-content\/uploads\/2022\/12\/bildungsakademie_bauwirtschaft_broschuere_ungerplus_1.jpg&#8221; alt=&#8221;Imagebrosch\u00fcre Bauwirtschaft Baden-W\u00fcrttemberg&#8221; title_text=&#8221;bildungsakademie_bauwirtschaft_broschuere_ungerplus_1&#8243; _builder_version=&#8221;4.19.0&#8243; _module_preset=&#8221;default&#8221; animation_direction=&#8221;bottom&#8221; global_colors_info=&#8221;{}&#8221;][\/et_pb_image][\/et_pb_column][\/et_pb_row][et_pb_row column_structure=&#8221;1_2,1_2&#8243; use_custom_gutter=&#8221;on&#8221; gutter_width=&#8221;1&#8243; make_equal=&#8221;on&#8221; module_class=&#8221;porfolio-twoimg&#8221; _builder_version=&#8221;4.18.0&#8243; _module_preset=&#8221;default&#8221; custom_padding=&#8221;15px||15px||false|false&#8221; global_colors_info=&#8221;{}&#8221;][et_pb_column type=&#8221;1_2&#8243; _builder_version=&#8221;4.18.0&#8243; _module_preset=&#8221;default&#8221; background_color=&#8221;#2f2f2f&#8221; animation_style=&#8221;slide&#8221; animation_direction=&#8221;bottom&#8221; animation_duration=&#8221;700ms&#8221; animation_intensity_slide=&#8221;20%&#8221; global_colors_info=&#8221;{}&#8221;][et_pb_image src=&#8221;https:\/\/www.ungerplus.de\/wp-content\/uploads\/2022\/12\/bildungsakademie_bauwirtschaft_broschuere_ungerplus_2.jpg&#8221; alt=&#8221;Imagebrosch\u00fcre Bauwirtschaft Baden-W\u00fcrttemberg&#8221; admin_label=&#8221;Bild&#8221; _builder_version=&#8221;4.19.0&#8243; _module_preset=&#8221;default&#8221; animation_direction=&#8221;bottom&#8221; global_colors_info=&#8221;{}&#8221;][\/et_pb_image][\/et_pb_column][et_pb_column type=&#8221;1_2&#8243; _builder_version=&#8221;4.18.0&#8243; _module_preset=&#8221;default&#8221; background_color=&#8221;#2f2f2f&#8221; animation_style=&#8221;slide&#8221; animation_direction=&#8221;bottom&#8221; animation_duration=&#8221;700ms&#8221; animation_intensity_slide=&#8221;20%&#8221; global_colors_info=&#8221;{}&#8221;][et_pb_image src=&#8221;https:\/\/www.ungerplus.de\/wp-content\/uploads\/2022\/12\/bildungsakademie_bauwirtschaft_broschuere_ungerplus_4.jpg&#8221; alt=&#8221;Imagebrosch\u00fcre Bauwirtschaft Baden-W\u00fcrttemberg&#8221; title_text=&#8221;bildungsakademie_bauwirtschaft_broschuere_ungerplus_4&#8243; _builder_version=&#8221;4.19.0&#8243; _module_preset=&#8221;default&#8221; animation_direction=&#8221;bottom&#8221; global_colors_info=&#8221;{}&#8221;][\/et_pb_image][\/et_pb_column][\/et_pb_row][\/et_pb_section][et_pb_section fb_built=&#8221;1&#8243; custom_padding_last_edited=&#8221;on|tablet&#8221; _builder_version=&#8221;4.18.0&#8243; _module_preset=&#8221;default&#8221; custom_padding=&#8221;100px||||false|false&#8221; custom_padding_tablet=&#8221;35px||25px||false|false&#8221; custom_padding_phone=&#8221;35px||25px||false|false&#8221; global_colors_info=&#8221;{}&#8221;][et_pb_row column_structure=&#8221;1_4,1_4,1_4,1_4&#8243; module_class=&#8221;portfolio-partner&#8221; _builder_version=&#8221;4.18.0&#8243; _module_preset=&#8221;default&#8221; custom_padding=&#8221;0px||0px||false|false&#8221; global_colors_info=&#8221;{}&#8221;][et_pb_column type=&#8221;1_4&#8243; _builder_version=&#8221;4.18.0&#8243; _module_preset=&#8221;default&#8221; global_colors_info=&#8221;{}&#8221;][et_pb_text module_class=&#8221;overline grey&#8221; _builder_version=&#8221;4.19.0&#8243; _module_preset=&#8221;default&#8221; custom_margin=&#8221;||0px||false|false&#8221; global_colors_info=&#8221;{}&#8221;]Agentur[\/et_pb_text][et_pb_text module_class=&#8221;overline&#8221; _builder_version=&#8221;4.19.0&#8243; _module_preset=&#8221;default&#8221; background_layout=&#8221;dark&#8221; custom_margin=&#8221;||0px||false|false&#8221; global_colors_info=&#8221;{}&#8221;]<\/p>\n<p>unger+<\/p>\n<p>[\/et_pb_text][\/et_pb_column][et_pb_column type=&#8221;1_4&#8243; _builder_version=&#8221;4.18.0&#8243; _module_preset=&#8221;default&#8221; global_colors_info=&#8221;{}&#8221;][et_pb_text module_class=&#8221;overline grey&#8221; _builder_version=&#8221;4.19.0&#8243; _module_preset=&#8221;default&#8221; custom_margin=&#8221;||0px||false|false&#8221; global_colors_info=&#8221;{}&#8221;]Programmierung[\/et_pb_text][et_pb_text module_class=&#8221;overline&#8221; _builder_version=&#8221;4.19.0&#8243; _module_preset=&#8221;default&#8221; background_layout=&#8221;dark&#8221; custom_margin=&#8221;||0px||false|false&#8221; link_option_url=&#8221;https:\/\/www.aceart.de&#8221; link_option_url_new_window=&#8221;on&#8221; global_colors_info=&#8221;{}&#8221;]<\/p>\n<p>aceArt<\/p>\n<p>[\/et_pb_text][\/et_pb_column][et_pb_column type=&#8221;1_4&#8243; _builder_version=&#8221;4.18.0&#8243; _module_preset=&#8221;default&#8221; global_colors_info=&#8221;{}&#8221;][et_pb_text module_class=&#8221;overline grey&#8221; _builder_version=&#8221;4.19.0&#8243; _module_preset=&#8221;default&#8221; custom_margin=&#8221;||0px||false|false&#8221; global_colors_info=&#8221;{}&#8221;]Fotografie[\/et_pb_text][et_pb_text module_class=&#8221;overline&#8221; _builder_version=&#8221;4.19.0&#8243; _module_preset=&#8221;default&#8221; background_layout=&#8221;dark&#8221; custom_margin=&#8221;||0px||false|false&#8221; link_option_url=&#8221;https:\/\/martin-stollberg.de&#8221; link_option_url_new_window=&#8221;on&#8221; global_colors_info=&#8221;{}&#8221;]<\/p>\n<p>Martin Stollberg<\/p>\n<p>[\/et_pb_text][\/et_pb_column][et_pb_column type=&#8221;1_4&#8243; _builder_version=&#8221;4.18.0&#8243; _module_preset=&#8221;default&#8221; global_colors_info=&#8221;{}&#8221;][et_pb_text module_class=&#8221;overline grey&#8221; _builder_version=&#8221;4.19.0&#8243; _module_preset=&#8221;default&#8221; custom_margin=&#8221;||0px||false|false&#8221; global_colors_info=&#8221;{}&#8221;]<\/p>\n<p>Fotografie<\/p>\n<p>[\/et_pb_text][et_pb_text module_class=&#8221;overline&#8221; _builder_version=&#8221;4.19.0&#8243; _module_preset=&#8221;default&#8221; background_layout=&#8221;dark&#8221; custom_margin=&#8221;||0px||false|false&#8221; link_option_url=&#8221;https:\/\/www.janpotente.de&#8221; link_option_url_new_window=&#8221;on&#8221; global_colors_info=&#8221;{}&#8221;]<\/p>\n<p>Jan Potente<\/p>\n<p>[\/et_pb_text][\/et_pb_column][\/et_pb_row][\/et_pb_section][et_pb_section fb_built=&#8221;1&#8243; custom_padding_last_edited=&#8221;off|tablet&#8221; module_class=&#8221;cta-section&#8221; _builder_version=&#8221;4.18.0&#8243; _module_preset=&#8221;default&#8221; custom_padding=&#8221;||0px||false|false&#8221; custom_padding_tablet=&#8221;50px||||false|false&#8221; custom_padding_phone=&#8221;50px||||false|false&#8221; global_module=&#8221;1772&#8243; saved_tabs=&#8221;all&#8221; locked=&#8221;off&#8221; global_colors_info=&#8221;{}&#8221;][et_pb_row column_structure=&#8221;1_4,3_4&#8243; _builder_version=&#8221;4.18.0&#8243; _module_preset=&#8221;default&#8221; background_enable_color=&#8221;off&#8221; width_tablet=&#8221;&#8221; width_phone=&#8221;94%&#8221; width_last_edited=&#8221;on|phone&#8221; custom_margin_tablet=&#8221;&#8221; custom_margin_phone=&#8221;|0px|||false|false&#8221; custom_margin_last_edited=&#8221;on|phone&#8221; custom_padding=&#8221;0px||0px||false|false&#8221; global_colors_info=&#8221;{}&#8221;][et_pb_column type=&#8221;1_4&#8243; _builder_version=&#8221;4.17.6&#8243; _module_preset=&#8221;default&#8221; global_colors_info=&#8221;{}&#8221;][\/et_pb_column][et_pb_column type=&#8221;3_4&#8243; module_class=&#8221;bg-animated cta-module&#8221; _builder_version=&#8221;4.18.0&#8243; _module_preset=&#8221;default&#8221; background_enable_color=&#8221;off&#8221; custom_padding_last_edited=&#8221;off|desktop&#8221; global_colors_info=&#8221;{}&#8221;][et_pb_text module_class=&#8221;subline&#8221; _builder_version=&#8221;4.19.0&#8243; _module_preset=&#8221;default&#8221; background_enable_color=&#8221;off&#8221; background_layout=&#8221;dark&#8221; custom_margin_tablet=&#8221;&#8221; custom_margin_phone=&#8221;||20px||false|false&#8221; custom_margin_last_edited=&#8221;on|phone&#8221; global_colors_info=&#8221;{}&#8221;]<\/p>\n<h2>Let&#8217;s work for you<\/h2>\n<p>Neues Projekt, aber noch keine Designagentur, die es gestaltet? No problem, wir helfen gerne! Einfach eine Mail schreiben \u2013 wir sind bereit!<\/p>\n<p>[\/et_pb_text][et_pb_button button_url=&#8221;mailto:hello@ungerplus.de&#8221; button_text=&#8221;work with u+&#8221; admin_label=&#8221;Button&#8221; _builder_version=&#8221;4.19.0&#8243; _module_preset=&#8221;default&#8221; custom_button=&#8221;on&#8221; button_border_width=&#8221;0px&#8221; button_use_icon=&#8221;off&#8221; global_colors_info=&#8221;{}&#8221;][\/et_pb_button][\/et_pb_column][\/et_pb_row][\/et_pb_section]<\/p>\n","protected":false},"excerpt":{"rendered":"<p>ALLE BAUKUNST BEZWECKT EINE EINWIRKUNG AUF DEN GEIST, NICHT NUR EINEN SCHUTZ F\u00dcR DEN K\u00d6RPER.Von dieser Feststellung John Ruskins \u2013\u00a0einem englischen\u00a0Schriftsteller, Kunstkritiker und Sozialphilosophen \u2013\u00a0kann man doch sehr branchenspezifisch behaupten: sie trifft den Nagel auf den Kopf! Denn die rund 1.700 Mitglieder dieses Branchenverbands aus KMU und bauindustriellen Gro\u00dfbetrieben sind nicht nur mit dem Wohnungsbau [&hellip;]<\/p>\n","protected":false},"author":2,"featured_media":4192,"template":"","meta":{"_acf_changed":false,"_et_pb_use_builder":"on","_et_pb_old_content":"","_et_gb_content_width":"","inline_featured_image":false,"footnotes":""},"project_category":[],"project_tag":[],"class_list":["post-4165","project","type-project","status-publish","has-post-thumbnail","hentry"],"acf":[],"yoast_head":"<!-- This site is optimized with the Yoast SEO plugin v27.3 - https:\/\/yoast.com\/product\/yoast-seo-wordpress\/ -->\n<title>Bauwirtschaft BW | unger+ kreative strategen<\/title>\n<meta name=\"robots\" content=\"index, follow, max-snippet:-1, max-image-preview:large, max-video-preview:-1\" \/>\n<link rel=\"canonical\" href=\"https:\/\/www.ungerplus.de\/projekte\/bauwirtschaft-bw\/\" \/>\n<meta property=\"og:locale\" content=\"en_US\" \/>\n<meta property=\"og:type\" content=\"article\" \/>\n<meta property=\"og:title\" content=\"Bauwirtschaft BW | unger+ kreative strategen\" \/>\n<meta property=\"og:description\" content=\"ALLE BAUKUNST BEZWECKT EINE EINWIRKUNG AUF DEN GEIST, NICHT NUR EINEN SCHUTZ F\u00dcR DEN K\u00d6RPER.Von dieser Feststellung John Ruskins \u2013\u00a0einem englischen\u00a0Schriftsteller, Kunstkritiker und Sozialphilosophen \u2013\u00a0kann man doch sehr branchenspezifisch behaupten: sie trifft den Nagel auf den Kopf! Denn die rund 1.700 Mitglieder dieses Branchenverbands aus KMU und bauindustriellen Gro\u00dfbetrieben sind nicht nur mit dem Wohnungsbau [&hellip;]\" \/>\n<meta property=\"og:url\" content=\"https:\/\/www.ungerplus.de\/projekte\/bauwirtschaft-bw\/\" \/>\n<meta property=\"og:site_name\" content=\"unger+ kreative strategen\" \/>\n<meta property=\"article:modified_time\" content=\"2022-12-04T13:35:07+00:00\" \/>\n<meta property=\"og:image\" content=\"https:\/\/www.ungerplus.de\/wp-content\/uploads\/2022\/12\/bauwirtschaft_bw_website_ungerplus_banner.jpg\" \/>\n\t<meta property=\"og:image:width\" content=\"1900\" \/>\n\t<meta property=\"og:image:height\" content=\"775\" \/>\n\t<meta property=\"og:image:type\" content=\"image\/jpeg\" \/>\n<meta name=\"twitter:card\" content=\"summary_large_image\" \/>\n<meta name=\"twitter:label1\" content=\"Est. reading time\" \/>\n\t<meta name=\"twitter:data1\" content=\"5 minutes\" \/>\n<script type=\"application\/ld+json\" class=\"yoast-schema-graph\">{\"@context\":\"https:\\\/\\\/schema.org\",\"@graph\":[{\"@type\":\"WebPage\",\"@id\":\"https:\\\/\\\/www.ungerplus.de\\\/projekte\\\/bauwirtschaft-bw\\\/\",\"url\":\"https:\\\/\\\/www.ungerplus.de\\\/projekte\\\/bauwirtschaft-bw\\\/\",\"name\":\"Bauwirtschaft BW | unger+ kreative strategen\",\"isPartOf\":{\"@id\":\"https:\\\/\\\/www.ungerplus.de\\\/#website\"},\"primaryImageOfPage\":{\"@id\":\"https:\\\/\\\/www.ungerplus.de\\\/projekte\\\/bauwirtschaft-bw\\\/#primaryimage\"},\"image\":{\"@id\":\"https:\\\/\\\/www.ungerplus.de\\\/projekte\\\/bauwirtschaft-bw\\\/#primaryimage\"},\"thumbnailUrl\":\"https:\\\/\\\/www.ungerplus.de\\\/wp-content\\\/uploads\\\/2022\\\/12\\\/bauwirtschaft_bw_website_ungerplus_banner.jpg\",\"datePublished\":\"2022-12-01T14:41:41+00:00\",\"dateModified\":\"2022-12-04T13:35:07+00:00\",\"breadcrumb\":{\"@id\":\"https:\\\/\\\/www.ungerplus.de\\\/projekte\\\/bauwirtschaft-bw\\\/#breadcrumb\"},\"inLanguage\":\"en-US\",\"potentialAction\":[{\"@type\":\"ReadAction\",\"target\":[\"https:\\\/\\\/www.ungerplus.de\\\/projekte\\\/bauwirtschaft-bw\\\/\"]}]},{\"@type\":\"ImageObject\",\"inLanguage\":\"en-US\",\"@id\":\"https:\\\/\\\/www.ungerplus.de\\\/projekte\\\/bauwirtschaft-bw\\\/#primaryimage\",\"url\":\"https:\\\/\\\/www.ungerplus.de\\\/wp-content\\\/uploads\\\/2022\\\/12\\\/bauwirtschaft_bw_website_ungerplus_banner.jpg\",\"contentUrl\":\"https:\\\/\\\/www.ungerplus.de\\\/wp-content\\\/uploads\\\/2022\\\/12\\\/bauwirtschaft_bw_website_ungerplus_banner.jpg\",\"width\":1900,\"height\":775,\"caption\":\"Bauwirtschaft Baden-W\u00fcrttemberg\"},{\"@type\":\"BreadcrumbList\",\"@id\":\"https:\\\/\\\/www.ungerplus.de\\\/projekte\\\/bauwirtschaft-bw\\\/#breadcrumb\",\"itemListElement\":[{\"@type\":\"ListItem\",\"position\":1,\"name\":\"Startseite\",\"item\":\"https:\\\/\\\/www.ungerplus.de\\\/en\\\/home\\\/\"},{\"@type\":\"ListItem\",\"position\":2,\"name\":\"Bauwirtschaft BW\"}]},{\"@type\":\"WebSite\",\"@id\":\"https:\\\/\\\/www.ungerplus.de\\\/#website\",\"url\":\"https:\\\/\\\/www.ungerplus.de\\\/\",\"name\":\"unger+ kreative strategen\",\"description\":\"Design und Werbung aus Stuttgart\",\"potentialAction\":[{\"@type\":\"SearchAction\",\"target\":{\"@type\":\"EntryPoint\",\"urlTemplate\":\"https:\\\/\\\/www.ungerplus.de\\\/?s={search_term_string}\"},\"query-input\":{\"@type\":\"PropertyValueSpecification\",\"valueRequired\":true,\"valueName\":\"search_term_string\"}}],\"inLanguage\":\"en-US\"}]}<\/script>\n<!-- \/ Yoast SEO plugin. -->","yoast_head_json":{"title":"Bauwirtschaft BW | unger+ kreative strategen","robots":{"index":"index","follow":"follow","max-snippet":"max-snippet:-1","max-image-preview":"max-image-preview:large","max-video-preview":"max-video-preview:-1"},"canonical":"https:\/\/www.ungerplus.de\/projekte\/bauwirtschaft-bw\/","og_locale":"en_US","og_type":"article","og_title":"Bauwirtschaft BW | unger+ kreative strategen","og_description":"ALLE BAUKUNST BEZWECKT EINE EINWIRKUNG AUF DEN GEIST, NICHT NUR EINEN SCHUTZ F\u00dcR DEN K\u00d6RPER.Von dieser Feststellung John Ruskins \u2013\u00a0einem englischen\u00a0Schriftsteller, Kunstkritiker und Sozialphilosophen \u2013\u00a0kann man doch sehr branchenspezifisch behaupten: sie trifft den Nagel auf den Kopf! Denn die rund 1.700 Mitglieder dieses Branchenverbands aus KMU und bauindustriellen Gro\u00dfbetrieben sind nicht nur mit dem Wohnungsbau [&hellip;]","og_url":"https:\/\/www.ungerplus.de\/projekte\/bauwirtschaft-bw\/","og_site_name":"unger+ kreative strategen","article_modified_time":"2022-12-04T13:35:07+00:00","og_image":[{"width":1900,"height":775,"url":"https:\/\/www.ungerplus.de\/wp-content\/uploads\/2022\/12\/bauwirtschaft_bw_website_ungerplus_banner.jpg","type":"image\/jpeg"}],"twitter_card":"summary_large_image","twitter_misc":{"Est. reading time":"5 minutes"},"schema":{"@context":"https:\/\/schema.org","@graph":[{"@type":"WebPage","@id":"https:\/\/www.ungerplus.de\/projekte\/bauwirtschaft-bw\/","url":"https:\/\/www.ungerplus.de\/projekte\/bauwirtschaft-bw\/","name":"Bauwirtschaft BW | unger+ kreative strategen","isPartOf":{"@id":"https:\/\/www.ungerplus.de\/#website"},"primaryImageOfPage":{"@id":"https:\/\/www.ungerplus.de\/projekte\/bauwirtschaft-bw\/#primaryimage"},"image":{"@id":"https:\/\/www.ungerplus.de\/projekte\/bauwirtschaft-bw\/#primaryimage"},"thumbnailUrl":"https:\/\/www.ungerplus.de\/wp-content\/uploads\/2022\/12\/bauwirtschaft_bw_website_ungerplus_banner.jpg","datePublished":"2022-12-01T14:41:41+00:00","dateModified":"2022-12-04T13:35:07+00:00","breadcrumb":{"@id":"https:\/\/www.ungerplus.de\/projekte\/bauwirtschaft-bw\/#breadcrumb"},"inLanguage":"en-US","potentialAction":[{"@type":"ReadAction","target":["https:\/\/www.ungerplus.de\/projekte\/bauwirtschaft-bw\/"]}]},{"@type":"ImageObject","inLanguage":"en-US","@id":"https:\/\/www.ungerplus.de\/projekte\/bauwirtschaft-bw\/#primaryimage","url":"https:\/\/www.ungerplus.de\/wp-content\/uploads\/2022\/12\/bauwirtschaft_bw_website_ungerplus_banner.jpg","contentUrl":"https:\/\/www.ungerplus.de\/wp-content\/uploads\/2022\/12\/bauwirtschaft_bw_website_ungerplus_banner.jpg","width":1900,"height":775,"caption":"Bauwirtschaft Baden-W\u00fcrttemberg"},{"@type":"BreadcrumbList","@id":"https:\/\/www.ungerplus.de\/projekte\/bauwirtschaft-bw\/#breadcrumb","itemListElement":[{"@type":"ListItem","position":1,"name":"Startseite","item":"https:\/\/www.ungerplus.de\/en\/home\/"},{"@type":"ListItem","position":2,"name":"Bauwirtschaft BW"}]},{"@type":"WebSite","@id":"https:\/\/www.ungerplus.de\/#website","url":"https:\/\/www.ungerplus.de\/","name":"unger+ kreative strategen","description":"Design und Werbung aus Stuttgart","potentialAction":[{"@type":"SearchAction","target":{"@type":"EntryPoint","urlTemplate":"https:\/\/www.ungerplus.de\/?s={search_term_string}"},"query-input":{"@type":"PropertyValueSpecification","valueRequired":true,"valueName":"search_term_string"}}],"inLanguage":"en-US"}]}},"_links":{"self":[{"href":"https:\/\/www.ungerplus.de\/en\/wp-json\/wp\/v2\/project\/4165","targetHints":{"allow":["GET"]}}],"collection":[{"href":"https:\/\/www.ungerplus.de\/en\/wp-json\/wp\/v2\/project"}],"about":[{"href":"https:\/\/www.ungerplus.de\/en\/wp-json\/wp\/v2\/types\/project"}],"author":[{"embeddable":true,"href":"https:\/\/www.ungerplus.de\/en\/wp-json\/wp\/v2\/users\/2"}],"version-history":[{"count":8,"href":"https:\/\/www.ungerplus.de\/en\/wp-json\/wp\/v2\/project\/4165\/revisions"}],"predecessor-version":[{"id":4542,"href":"https:\/\/www.ungerplus.de\/en\/wp-json\/wp\/v2\/project\/4165\/revisions\/4542"}],"wp:featuredmedia":[{"embeddable":true,"href":"https:\/\/www.ungerplus.de\/en\/wp-json\/wp\/v2\/media\/4192"}],"wp:attachment":[{"href":"https:\/\/www.ungerplus.de\/en\/wp-json\/wp\/v2\/media?parent=4165"}],"wp:term":[{"taxonomy":"project_category","embeddable":true,"href":"https:\/\/www.ungerplus.de\/en\/wp-json\/wp\/v2\/project_category?post=4165"},{"taxonomy":"project_tag","embeddable":true,"href":"https:\/\/www.ungerplus.de\/en\/wp-json\/wp\/v2\/project_tag?post=4165"}],"curies":[{"name":"wp","href":"https:\/\/api.w.org\/{rel}","templated":true}]}}