{"id":3143,"date":"2022-11-25T15:52:30","date_gmt":"2022-11-25T14:52:30","guid":{"rendered":"https:\/\/www.ungerplus.de\/?post_type=project&#038;p=3143"},"modified":"2022-12-05T21:30:05","modified_gmt":"2022-12-05T20:30:05","slug":"landtag-von-baden-wuerttemberg","status":"publish","type":"project","link":"https:\/\/www.ungerplus.de\/en\/projekte\/landtag-von-baden-wuerttemberg\/","title":{"rendered":"Landtag BW"},"content":{"rendered":"<p>[et_pb_section fb_built=&#8221;1&#8243; admin_label=&#8221;Sektion&#8221; _builder_version=&#8221;4.18.0&#8243; _module_preset=&#8221;default&#8221; background_enable_color=&#8221;off&#8221; width=&#8221;100%&#8221; max_width=&#8221;100%&#8221; custom_margin=&#8221;0px||0px||false|false&#8221; custom_padding=&#8221;0px||0px||false|false&#8221; locked=&#8221;off&#8221; global_colors_info=&#8221;{}&#8221;][et_pb_row column_structure=&#8221;1_3,2_3&#8243; use_custom_gutter=&#8221;on&#8221; gutter_width=&#8221;1&#8243; make_equal=&#8221;on&#8221; module_class=&#8221;header-img&#8221; _builder_version=&#8221;4.18.0&#8243; _module_preset=&#8221;default&#8221; width=&#8221;100%&#8221; max_width=&#8221;100%&#8221; custom_padding=&#8221;0px||0px||false|false&#8221; global_colors_info=&#8221;{}&#8221;][et_pb_column type=&#8221;1_3&#8243; _builder_version=&#8221;4.17.6&#8243; _module_preset=&#8221;default&#8221; global_colors_info=&#8221;{}&#8221;][\/et_pb_column][et_pb_column type=&#8221;2_3&#8243; module_class=&#8221;header-colmobile&#8221; _builder_version=&#8221;4.18.0&#8243; _module_preset=&#8221;default&#8221; global_colors_info=&#8221;{}&#8221;][et_pb_image src=&#8221;https:\/\/www.ungerplus.de\/wp-content\/uploads\/2022\/12\/RZ_ungerplus_Website_Headerbilder_landtagbw.jpg&#8221; title_text=&#8221;heinrichschmid_ungerplus_design_01&#8243; align=&#8221;right&#8221; _builder_version=&#8221;4.19.0&#8243; _module_preset=&#8221;default&#8221; global_colors_info=&#8221;{}&#8221;][\/et_pb_image][\/et_pb_column][\/et_pb_row][\/et_pb_section][et_pb_section fb_built=&#8221;1&#8243; custom_padding_last_edited=&#8221;on|tablet&#8221; admin_label=&#8221;Sektion&#8221; _builder_version=&#8221;4.18.0&#8243; _module_preset=&#8221;default&#8221; background_enable_color=&#8221;off&#8221; width=&#8221;100%&#8221; max_width=&#8221;100%&#8221; custom_margin=&#8221;0px||0px||false|false&#8221; custom_padding=&#8221;0px||0px||false|false&#8221; custom_padding_tablet=&#8221;50px||||false|false&#8221; custom_padding_phone=&#8221;50px||||false|false&#8221; locked=&#8221;off&#8221; global_colors_info=&#8221;{}&#8221;][et_pb_row use_custom_gutter=&#8221;on&#8221; gutter_width=&#8221;1&#8243; make_equal=&#8221;on&#8221; _builder_version=&#8221;4.17.6&#8243; _module_preset=&#8221;default&#8221; custom_padding=&#8221;0px||0px||false|false&#8221; global_colors_info=&#8221;{}&#8221;][et_pb_column type=&#8221;4_4&#8243; _builder_version=&#8221;4.17.6&#8243; _module_preset=&#8221;default&#8221; global_colors_info=&#8221;{}&#8221;][et_pb_text module_class=&#8221;header-title&#8221; _builder_version=&#8221;4.19.0&#8243; _dynamic_attributes=&#8221;content&#8221; _module_preset=&#8221;default&#8221; background_layout=&#8221;dark&#8221; custom_margin=&#8221;||80px||false|false&#8221; custom_margin_tablet=&#8221;||20px||false|false&#8221; custom_margin_phone=&#8221;||20px||false|false&#8221; custom_margin_last_edited=&#8221;on|tablet&#8221; hover_enabled=&#8221;0&#8243; global_colors_info=&#8221;{}&#8221; sticky_enabled=&#8221;0&#8243;]@ET-DC@eyJkeW5hbWljIjp0cnVlLCJjb250ZW50IjoicG9zdF90aXRsZSIsInNldHRpbmdzIjp7ImJlZm9yZSI6IiIsImFmdGVyIjoiIn19@[\/et_pb_text][et_pb_text module_class=&#8221;font-animated&#8221; _builder_version=&#8221;4.19.0&#8243; _module_preset=&#8221;default&#8221; width=&#8221;100%&#8221; width_tablet=&#8221;&#8221; width_phone=&#8221;&#8221; width_last_edited=&#8221;on|desktop&#8221; max_width=&#8221;1080px&#8221; hover_enabled=&#8221;0&#8243; global_colors_info=&#8221;{}&#8221; sticky_enabled=&#8221;0&#8243;]<\/p>\n<h3 class=\"align-center\">WENN ES KEINE PARLAMENTE G\u00c4BE, K\u00d6NNTE JEDER KELLNER REGIEREN.<\/h3>\n<p>[\/et_pb_text][et_pb_text _builder_version=&#8221;4.19.2&#8243; _module_preset=&#8221;default&#8221; background_layout=&#8221;dark&#8221; width=&#8221;100%&#8221; width_tablet=&#8221;&#8221; width_phone=&#8221;&#8221; width_last_edited=&#8221;on|desktop&#8221; max_width=&#8221;1080px&#8221; hover_enabled=&#8221;0&#8243; global_colors_info=&#8221;{}&#8221; sticky_enabled=&#8221;0&#8243;]<\/p>\n<p>Der Landtag von Baden-W\u00fcrttemberg ist das Parlament des Landes \u2013 und wir sind die Design-Abgeordneten. Informationen \u00fcber die Aufgaben und Zust\u00e4ndigkeiten, \u00fcber Abgeordnete und Fraktionen tragen wir akribisch genau in dem j\u00e4hrlich erscheinenden Landtagsspiegel, f\u00fcr den wir Layout, Satz und Design machen, zusammen. Auch die Kinderbrosch\u00fcre des Landtags realisieren wir auf gleiche Weise, dokumentiert sich doch die Wichtigkeit parlamentarischer Arbeit in dem o.g. Satz von Otto von Bismarck \u2013 nat\u00fcrlich auch die Kunst, dann zu regieren. Dar\u00fcber hinaus sind wir f\u00fcr eine Vielzahl an Print-Publikationen, Werbeaktionen, Stellenanzeigen und sonstige Designfragen verantwortlich.<\/p>\n<p>[\/et_pb_text][\/et_pb_column][\/et_pb_row][\/et_pb_section][et_pb_section fb_built=&#8221;1&#8243; custom_padding_last_edited=&#8221;on|tablet&#8221; _builder_version=&#8221;4.18.0&#8243; _module_preset=&#8221;default&#8221; background_color=&#8221;RGBA(255,255,255,0)&#8221; custom_padding=&#8221;123px||0px||false|false&#8221; custom_padding_tablet=&#8221;20px||||false|false&#8221; custom_padding_phone=&#8221;20px||||false|false&#8221; global_colors_info=&#8221;{}&#8221;][et_pb_row _builder_version=&#8221;4.19.0&#8243; _module_preset=&#8221;default&#8221; custom_padding=&#8221;15px||15px||false|false&#8221; global_colors_info=&#8221;{}&#8221;][et_pb_column type=&#8221;4_4&#8243; _builder_version=&#8221;4.18.0&#8243; _module_preset=&#8221;default&#8221; animation_style=&#8221;slide&#8221; animation_direction=&#8221;bottom&#8221; animation_duration=&#8221;700ms&#8221; animation_intensity_slide=&#8221;20%&#8221; global_colors_info=&#8221;{}&#8221;][et_pb_image src=&#8221;https:\/\/www.ungerplus.de\/wp-content\/uploads\/2022\/11\/ungerplus_landtagbw_voll_doppel.jpg&#8221; alt=&#8221;ungerplus_landtagbw&#8221; _builder_version=&#8221;4.19.0&#8243; _module_preset=&#8221;default&#8221; animation_direction=&#8221;bottom&#8221; global_colors_info=&#8221;{}&#8221;][\/et_pb_image][\/et_pb_column][\/et_pb_row][et_pb_row _builder_version=&#8221;4.19.0&#8243; _module_preset=&#8221;default&#8221; custom_padding=&#8221;15px||15px||false|false&#8221; global_colors_info=&#8221;{}&#8221;][et_pb_column type=&#8221;4_4&#8243; _builder_version=&#8221;4.19.0&#8243; _module_preset=&#8221;default&#8221; global_colors_info=&#8221;{}&#8221;][et_pb_image src=&#8221;https:\/\/www.ungerplus.de\/wp-content\/uploads\/2022\/11\/ungerplus_landtagbw_voll_02.jpg&#8221; alt=&#8221;ungerplus_landtagbw&#8221; _builder_version=&#8221;4.19.0&#8243; _module_preset=&#8221;default&#8221; global_colors_info=&#8221;{}&#8221;][\/et_pb_image][\/et_pb_column][\/et_pb_row][et_pb_row column_structure=&#8221;1_2,1_2&#8243; use_custom_gutter=&#8221;on&#8221; gutter_width=&#8221;1&#8243; make_equal=&#8221;on&#8221; module_class=&#8221;porfolio-twoimg&#8221; _builder_version=&#8221;4.19.0&#8243; _module_preset=&#8221;default&#8221; custom_padding=&#8221;15px||15px||false|false&#8221; global_colors_info=&#8221;{}&#8221;][et_pb_column type=&#8221;1_2&#8243; _builder_version=&#8221;4.18.0&#8243; _module_preset=&#8221;default&#8221; background_color=&#8221;#2f2f2f&#8221; animation_style=&#8221;slide&#8221; animation_direction=&#8221;bottom&#8221; animation_duration=&#8221;700ms&#8221; animation_intensity_slide=&#8221;20%&#8221; global_colors_info=&#8221;{}&#8221;][et_pb_image src=&#8221;https:\/\/www.ungerplus.de\/wp-content\/uploads\/2022\/11\/ungerplus_landtagbw_halb_04.jpg&#8221; alt=&#8221;ungerplus_landtagbw&#8221; admin_label=&#8221;Bild&#8221; _builder_version=&#8221;4.19.0&#8243; _module_preset=&#8221;default&#8221; animation_direction=&#8221;bottom&#8221; global_colors_info=&#8221;{}&#8221;][\/et_pb_image][\/et_pb_column][et_pb_column type=&#8221;1_2&#8243; _builder_version=&#8221;4.18.0&#8243; _module_preset=&#8221;default&#8221; background_color=&#8221;#2f2f2f&#8221; animation_style=&#8221;slide&#8221; animation_direction=&#8221;bottom&#8221; animation_duration=&#8221;700ms&#8221; animation_intensity_slide=&#8221;20%&#8221; global_colors_info=&#8221;{}&#8221;][et_pb_image src=&#8221;https:\/\/www.ungerplus.de\/wp-content\/uploads\/2022\/11\/ungerplus_landtagbw_halb_01.jpg&#8221; alt=&#8221;ungerplus_landtagbw&#8221; _builder_version=&#8221;4.19.0&#8243; _module_preset=&#8221;default&#8221; global_colors_info=&#8221;{}&#8221;][\/et_pb_image][\/et_pb_column][\/et_pb_row][et_pb_row _builder_version=&#8221;4.19.0&#8243; _module_preset=&#8221;default&#8221; custom_padding=&#8221;15px||15px||false|false&#8221; global_colors_info=&#8221;{}&#8221;][et_pb_column type=&#8221;4_4&#8243; _builder_version=&#8221;4.19.0&#8243; _module_preset=&#8221;default&#8221; global_colors_info=&#8221;{}&#8221;][et_pb_image src=&#8221;https:\/\/www.ungerplus.de\/wp-content\/uploads\/2022\/11\/ungerplus_landtagbw_voll_01.jpg&#8221; alt=&#8221;ungerplus_replan_logo_website&#8221; _builder_version=&#8221;4.19.0&#8243; _module_preset=&#8221;default&#8221; global_colors_info=&#8221;{}&#8221;][\/et_pb_image][\/et_pb_column][\/et_pb_row][et_pb_row column_structure=&#8221;1_2,1_2&#8243; use_custom_gutter=&#8221;on&#8221; gutter_width=&#8221;1&#8243; make_equal=&#8221;on&#8221; module_class=&#8221;porfolio-twoimg&#8221; _builder_version=&#8221;4.19.0&#8243; _module_preset=&#8221;default&#8221; custom_padding=&#8221;15px||15px||false|false&#8221; global_colors_info=&#8221;{}&#8221;][et_pb_column type=&#8221;1_2&#8243; _builder_version=&#8221;4.18.0&#8243; _module_preset=&#8221;default&#8221; background_color=&#8221;#2f2f2f&#8221; animation_style=&#8221;slide&#8221; animation_direction=&#8221;bottom&#8221; animation_duration=&#8221;700ms&#8221; animation_intensity_slide=&#8221;20%&#8221; global_colors_info=&#8221;{}&#8221;][et_pb_image src=&#8221;https:\/\/www.ungerplus.de\/wp-content\/uploads\/2022\/11\/ungerplus_landtagbw_halb_02.jpg&#8221; alt=&#8221;ungerplus_landtagbw&#8221; admin_label=&#8221;Bild&#8221; _builder_version=&#8221;4.19.0&#8243; _module_preset=&#8221;default&#8221; animation_direction=&#8221;bottom&#8221; global_colors_info=&#8221;{}&#8221;][\/et_pb_image][\/et_pb_column][et_pb_column type=&#8221;1_2&#8243; _builder_version=&#8221;4.18.0&#8243; _module_preset=&#8221;default&#8221; background_color=&#8221;#2f2f2f&#8221; animation_style=&#8221;slide&#8221; animation_direction=&#8221;bottom&#8221; animation_duration=&#8221;700ms&#8221; animation_intensity_slide=&#8221;20%&#8221; global_colors_info=&#8221;{}&#8221;][et_pb_image src=&#8221;https:\/\/www.ungerplus.de\/wp-content\/uploads\/2022\/11\/ungerplus_landtagbw_halb_03.jpg&#8221; alt=&#8221;ungerplus_landtagbw&#8221; _builder_version=&#8221;4.19.0&#8243; _module_preset=&#8221;default&#8221; global_colors_info=&#8221;{}&#8221;][\/et_pb_image][\/et_pb_column][\/et_pb_row][et_pb_row _builder_version=&#8221;4.19.0&#8243; _module_preset=&#8221;default&#8221; custom_padding=&#8221;15px||15px||false|false&#8221; global_colors_info=&#8221;{}&#8221;][et_pb_column type=&#8221;4_4&#8243; _builder_version=&#8221;4.19.0&#8243; _module_preset=&#8221;default&#8221; global_colors_info=&#8221;{}&#8221;][et_pb_image src=&#8221;https:\/\/www.ungerplus.de\/wp-content\/uploads\/2022\/11\/ungerplus_landtagbw_voll_03.jpg&#8221; alt=&#8221;ungerplus_landtagbw&#8221; _builder_version=&#8221;4.19.0&#8243; _module_preset=&#8221;default&#8221; global_colors_info=&#8221;{}&#8221;][\/et_pb_image][\/et_pb_column][\/et_pb_row][et_pb_row column_structure=&#8221;1_2,1_2&#8243; use_custom_gutter=&#8221;on&#8221; gutter_width=&#8221;1&#8243; make_equal=&#8221;on&#8221; module_class=&#8221;porfolio-twoimg&#8221; _builder_version=&#8221;4.19.0&#8243; _module_preset=&#8221;default&#8221; custom_padding=&#8221;15px||15px||false|false&#8221; global_colors_info=&#8221;{}&#8221;][et_pb_column type=&#8221;1_2&#8243; _builder_version=&#8221;4.18.0&#8243; _module_preset=&#8221;default&#8221; background_color=&#8221;#2f2f2f&#8221; animation_style=&#8221;slide&#8221; animation_direction=&#8221;bottom&#8221; animation_duration=&#8221;700ms&#8221; animation_intensity_slide=&#8221;20%&#8221; global_colors_info=&#8221;{}&#8221;][et_pb_image src=&#8221;https:\/\/www.ungerplus.de\/wp-content\/uploads\/2022\/11\/ungerplus_landtagbw_halb_05.jpg&#8221; alt=&#8221;ungerplus_landtagbw&#8221; admin_label=&#8221;Bild&#8221; _builder_version=&#8221;4.19.0&#8243; _module_preset=&#8221;default&#8221; animation_direction=&#8221;bottom&#8221; global_colors_info=&#8221;{}&#8221;][\/et_pb_image][\/et_pb_column][et_pb_column type=&#8221;1_2&#8243; _builder_version=&#8221;4.18.0&#8243; _module_preset=&#8221;default&#8221; background_color=&#8221;#2f2f2f&#8221; animation_style=&#8221;slide&#8221; animation_direction=&#8221;bottom&#8221; animation_duration=&#8221;700ms&#8221; animation_intensity_slide=&#8221;20%&#8221; global_colors_info=&#8221;{}&#8221;][et_pb_image src=&#8221;https:\/\/www.ungerplus.de\/wp-content\/uploads\/2022\/11\/ungerplus_landtagbw_halb_06-1.jpg&#8221; alt=&#8221;ungerplus_landtagbw&#8221; _builder_version=&#8221;4.19.0&#8243; _module_preset=&#8221;default&#8221; global_colors_info=&#8221;{}&#8221;][\/et_pb_image][\/et_pb_column][\/et_pb_row][et_pb_row _builder_version=&#8221;4.19.0&#8243; _module_preset=&#8221;default&#8221; custom_padding=&#8221;15px||15px||false|false&#8221; global_colors_info=&#8221;{}&#8221;][et_pb_column type=&#8221;4_4&#8243; _builder_version=&#8221;4.19.0&#8243; _module_preset=&#8221;default&#8221; global_colors_info=&#8221;{}&#8221;][et_pb_image src=&#8221;https:\/\/www.ungerplus.de\/wp-content\/uploads\/2022\/11\/ungerplus_landtag_slider_06.jpg&#8221; alt=&#8221;ungerplus_landtag_slider&#8221; _builder_version=&#8221;4.19.0&#8243; _module_preset=&#8221;default&#8221; global_colors_info=&#8221;{}&#8221;][\/et_pb_image][\/et_pb_column][\/et_pb_row][et_pb_row _builder_version=&#8221;4.19.0&#8243; _module_preset=&#8221;default&#8221; custom_padding=&#8221;15px||15px||false|false&#8221; global_colors_info=&#8221;{}&#8221;][et_pb_column type=&#8221;4_4&#8243; _builder_version=&#8221;4.19.0&#8243; _module_preset=&#8221;default&#8221; global_colors_info=&#8221;{}&#8221;][et_pb_image src=&#8221;https:\/\/www.ungerplus.de\/wp-content\/uploads\/2022\/11\/ungerplus_landtag_slider_01.jpg&#8221; alt=&#8221;ungerplus_landtag_slider&#8221; _builder_version=&#8221;4.19.0&#8243; _module_preset=&#8221;default&#8221; global_colors_info=&#8221;{}&#8221;][\/et_pb_image][\/et_pb_column][\/et_pb_row][et_pb_row _builder_version=&#8221;4.19.0&#8243; _module_preset=&#8221;default&#8221; custom_padding=&#8221;15px||15px||false|false&#8221; global_colors_info=&#8221;{}&#8221;][et_pb_column type=&#8221;4_4&#8243; _builder_version=&#8221;4.19.0&#8243; _module_preset=&#8221;default&#8221; global_colors_info=&#8221;{}&#8221;][et_pb_image src=&#8221;https:\/\/www.ungerplus.de\/wp-content\/uploads\/2022\/11\/ungerplus_landtag_slider_07.jpg&#8221; alt=&#8221;ungerplus_landtag_slider&#8221; _builder_version=&#8221;4.19.0&#8243; _module_preset=&#8221;default&#8221; global_colors_info=&#8221;{}&#8221;][\/et_pb_image][\/et_pb_column][\/et_pb_row][\/et_pb_section][et_pb_section fb_built=&#8221;1&#8243; custom_padding_last_edited=&#8221;on|tablet&#8221; _builder_version=&#8221;4.18.0&#8243; _module_preset=&#8221;default&#8221; custom_padding=&#8221;100px||||false|false&#8221; custom_padding_tablet=&#8221;35px||25px||false|false&#8221; custom_padding_phone=&#8221;35px||25px||false|false&#8221; global_colors_info=&#8221;{}&#8221;][et_pb_row column_structure=&#8221;1_4,1_4,1_4,1_4&#8243; module_class=&#8221;portfolio-partner&#8221; _builder_version=&#8221;4.18.0&#8243; _module_preset=&#8221;default&#8221; custom_padding=&#8221;0px||0px||false|false&#8221; global_colors_info=&#8221;{}&#8221;][et_pb_column type=&#8221;1_4&#8243; _builder_version=&#8221;4.18.0&#8243; _module_preset=&#8221;default&#8221; global_colors_info=&#8221;{}&#8221;][et_pb_text module_class=&#8221;overline grey&#8221; _builder_version=&#8221;4.19.0&#8243; _module_preset=&#8221;default&#8221; custom_margin=&#8221;||0px||false|false&#8221; global_colors_info=&#8221;{}&#8221;]Agentur[\/et_pb_text][et_pb_text module_class=&#8221;overline&#8221; _builder_version=&#8221;4.19.0&#8243; _module_preset=&#8221;default&#8221; background_layout=&#8221;dark&#8221; custom_margin=&#8221;||0px||false|false&#8221; global_colors_info=&#8221;{}&#8221;]<\/p>\n<p>unger+<\/p>\n<p>[\/et_pb_text][\/et_pb_column][et_pb_column type=&#8221;1_4&#8243; _builder_version=&#8221;4.18.0&#8243; _module_preset=&#8221;default&#8221; global_colors_info=&#8221;{}&#8221;][et_pb_text module_class=&#8221;overline grey&#8221; _builder_version=&#8221;4.19.0&#8243; _module_preset=&#8221;default&#8221; custom_margin=&#8221;||0px||false|false&#8221; global_colors_info=&#8221;{}&#8221;]Fotografie[\/et_pb_text][et_pb_text module_class=&#8221;overline&#8221; _builder_version=&#8221;4.19.2&#8243; _module_preset=&#8221;default&#8221; background_layout=&#8221;dark&#8221; custom_margin=&#8221;||0px||false|false&#8221; link_option_url=&#8221;https:\/\/martin-stollberg.de&#8221; link_option_url_new_window=&#8221;on&#8221; hover_enabled=&#8221;0&#8243; global_colors_info=&#8221;{}&#8221; sticky_enabled=&#8221;0&#8243;]<\/p>\n<p>Martin Stollberg<\/p>\n<p>[\/et_pb_text][\/et_pb_column][et_pb_column type=&#8221;1_4&#8243; _builder_version=&#8221;4.18.0&#8243; _module_preset=&#8221;default&#8221; global_colors_info=&#8221;{}&#8221;][et_pb_text module_class=&#8221;overline grey&#8221; _builder_version=&#8221;4.19.0&#8243; _module_preset=&#8221;default&#8221; custom_margin=&#8221;||0px||false|false&#8221; global_colors_info=&#8221;{}&#8221;]Fotografie[\/et_pb_text][et_pb_text module_class=&#8221;overline&#8221; _builder_version=&#8221;4.19.2&#8243; _module_preset=&#8221;default&#8221; background_layout=&#8221;dark&#8221; custom_margin=&#8221;||0px||false|false&#8221; link_option_url=&#8221;https:\/\/www.janpotente.de&#8221; link_option_url_new_window=&#8221;on&#8221; hover_enabled=&#8221;0&#8243; global_colors_info=&#8221;{}&#8221; sticky_enabled=&#8221;0&#8243;]<\/p>\n<p>Jan Potente<\/p>\n<p>[\/et_pb_text][\/et_pb_column][et_pb_column type=&#8221;1_4&#8243; _builder_version=&#8221;4.18.0&#8243; _module_preset=&#8221;default&#8221; global_colors_info=&#8221;{}&#8221;][\/et_pb_column][\/et_pb_row][\/et_pb_section][et_pb_section fb_built=&#8221;1&#8243; custom_padding_last_edited=&#8221;off|tablet&#8221; module_class=&#8221;cta-section&#8221; _builder_version=&#8221;4.18.0&#8243; _module_preset=&#8221;default&#8221; custom_padding=&#8221;||0px||false|false&#8221; custom_padding_tablet=&#8221;50px||||false|false&#8221; custom_padding_phone=&#8221;50px||||false|false&#8221; global_module=&#8221;1772&#8243; saved_tabs=&#8221;all&#8221; locked=&#8221;off&#8221; global_colors_info=&#8221;{}&#8221;][et_pb_row column_structure=&#8221;1_4,3_4&#8243; _builder_version=&#8221;4.18.0&#8243; _module_preset=&#8221;default&#8221; background_enable_color=&#8221;off&#8221; width_tablet=&#8221;&#8221; width_phone=&#8221;94%&#8221; width_last_edited=&#8221;on|phone&#8221; custom_margin_tablet=&#8221;&#8221; custom_margin_phone=&#8221;|0px|||false|false&#8221; custom_margin_last_edited=&#8221;on|phone&#8221; custom_padding=&#8221;0px||0px||false|false&#8221; global_colors_info=&#8221;{}&#8221;][et_pb_column type=&#8221;1_4&#8243; _builder_version=&#8221;4.17.6&#8243; _module_preset=&#8221;default&#8221; global_colors_info=&#8221;{}&#8221;][\/et_pb_column][et_pb_column type=&#8221;3_4&#8243; module_class=&#8221;bg-animated cta-module&#8221; _builder_version=&#8221;4.18.0&#8243; _module_preset=&#8221;default&#8221; background_enable_color=&#8221;off&#8221; custom_padding_last_edited=&#8221;off|desktop&#8221; global_colors_info=&#8221;{}&#8221;][et_pb_text module_class=&#8221;subline&#8221; _builder_version=&#8221;4.19.0&#8243; _module_preset=&#8221;default&#8221; background_enable_color=&#8221;off&#8221; background_layout=&#8221;dark&#8221; custom_margin_tablet=&#8221;&#8221; custom_margin_phone=&#8221;||20px||false|false&#8221; custom_margin_last_edited=&#8221;on|phone&#8221; global_colors_info=&#8221;{}&#8221;]<\/p>\n<h2>Let&#8217;s work for you<\/h2>\n<p>Neues Projekt, aber noch keine Designagentur, die es gestaltet? No problem, wir helfen gerne! Einfach eine Mail schreiben \u2013 wir sind bereit!<\/p>\n<p>[\/et_pb_text][et_pb_button button_url=&#8221;mailto:hello@ungerplus.de&#8221; button_text=&#8221;work with u+&#8221; admin_label=&#8221;Button&#8221; _builder_version=&#8221;4.19.0&#8243; _module_preset=&#8221;default&#8221; custom_button=&#8221;on&#8221; button_border_width=&#8221;0px&#8221; button_use_icon=&#8221;off&#8221; global_colors_info=&#8221;{}&#8221;][\/et_pb_button][\/et_pb_column][\/et_pb_row][\/et_pb_section]<\/p>\n","protected":false},"excerpt":{"rendered":"<p>WENN ES KEINE PARLAMENTE G\u00c4BE, K\u00d6NNTE JEDER KELLNER REGIEREN.Der Landtag von Baden-W\u00fcrttemberg ist das Parlament des Landes \u2013 und wir sind die Design-Abgeordneten. Informationen \u00fcber die Aufgaben und Zust\u00e4ndigkeiten, \u00fcber Abgeordnete und Fraktionen tragen wir akribisch genau in dem j\u00e4hrlich erscheinenden Landtagsspiegel, f\u00fcr den wir Layout, Satz und Design machen, zusammen. Auch die Kinderbrosch\u00fcre des [&hellip;]<\/p>\n","protected":false},"author":3,"featured_media":3231,"template":"","meta":{"_acf_changed":false,"_et_pb_use_builder":"on","_et_pb_old_content":"","_et_gb_content_width":"","inline_featured_image":false,"footnotes":""},"project_category":[],"project_tag":[],"class_list":["post-3143","project","type-project","status-publish","has-post-thumbnail","hentry"],"acf":[],"yoast_head":"<!-- This site is optimized with the Yoast SEO plugin v27.3 - https:\/\/yoast.com\/product\/yoast-seo-wordpress\/ -->\n<title>Landtag BW | unger+ kreative strategen<\/title>\n<meta name=\"robots\" content=\"index, follow, max-snippet:-1, max-image-preview:large, max-video-preview:-1\" \/>\n<link rel=\"canonical\" href=\"https:\/\/www.ungerplus.de\/projekte\/landtag-von-baden-wuerttemberg\/\" \/>\n<meta property=\"og:locale\" content=\"en_US\" \/>\n<meta property=\"og:type\" content=\"article\" \/>\n<meta property=\"og:title\" content=\"Landtag BW | unger+ kreative strategen\" \/>\n<meta property=\"og:description\" content=\"WENN ES KEINE PARLAMENTE G\u00c4BE, K\u00d6NNTE JEDER KELLNER REGIEREN.Der Landtag von Baden-W\u00fcrttemberg ist das Parlament des Landes \u2013 und wir sind die Design-Abgeordneten. Informationen \u00fcber die Aufgaben und Zust\u00e4ndigkeiten, \u00fcber Abgeordnete und Fraktionen tragen wir akribisch genau in dem j\u00e4hrlich erscheinenden Landtagsspiegel, f\u00fcr den wir Layout, Satz und Design machen, zusammen. Auch die Kinderbrosch\u00fcre des [&hellip;]\" \/>\n<meta property=\"og:url\" content=\"https:\/\/www.ungerplus.de\/projekte\/landtag-von-baden-wuerttemberg\/\" \/>\n<meta property=\"og:site_name\" content=\"unger+ kreative strategen\" \/>\n<meta property=\"article:modified_time\" content=\"2022-12-05T20:30:05+00:00\" \/>\n<meta property=\"og:image\" content=\"https:\/\/www.ungerplus.de\/wp-content\/uploads\/2022\/11\/ungerplus_landtagbw_uebersicht.jpg\" \/>\n\t<meta property=\"og:image:width\" content=\"1600\" \/>\n\t<meta property=\"og:image:height\" content=\"650\" \/>\n\t<meta property=\"og:image:type\" content=\"image\/jpeg\" \/>\n<meta name=\"twitter:card\" content=\"summary_large_image\" \/>\n<meta name=\"twitter:label1\" content=\"Est. reading time\" \/>\n\t<meta name=\"twitter:data1\" content=\"4 minutes\" \/>\n<script type=\"application\/ld+json\" class=\"yoast-schema-graph\">{\"@context\":\"https:\\\/\\\/schema.org\",\"@graph\":[{\"@type\":\"WebPage\",\"@id\":\"https:\\\/\\\/www.ungerplus.de\\\/projekte\\\/landtag-von-baden-wuerttemberg\\\/\",\"url\":\"https:\\\/\\\/www.ungerplus.de\\\/projekte\\\/landtag-von-baden-wuerttemberg\\\/\",\"name\":\"Landtag BW | unger+ kreative strategen\",\"isPartOf\":{\"@id\":\"https:\\\/\\\/www.ungerplus.de\\\/#website\"},\"primaryImageOfPage\":{\"@id\":\"https:\\\/\\\/www.ungerplus.de\\\/projekte\\\/landtag-von-baden-wuerttemberg\\\/#primaryimage\"},\"image\":{\"@id\":\"https:\\\/\\\/www.ungerplus.de\\\/projekte\\\/landtag-von-baden-wuerttemberg\\\/#primaryimage\"},\"thumbnailUrl\":\"https:\\\/\\\/www.ungerplus.de\\\/wp-content\\\/uploads\\\/2022\\\/11\\\/ungerplus_landtagbw_uebersicht.jpg\",\"datePublished\":\"2022-11-25T14:52:30+00:00\",\"dateModified\":\"2022-12-05T20:30:05+00:00\",\"breadcrumb\":{\"@id\":\"https:\\\/\\\/www.ungerplus.de\\\/projekte\\\/landtag-von-baden-wuerttemberg\\\/#breadcrumb\"},\"inLanguage\":\"en-US\",\"potentialAction\":[{\"@type\":\"ReadAction\",\"target\":[\"https:\\\/\\\/www.ungerplus.de\\\/projekte\\\/landtag-von-baden-wuerttemberg\\\/\"]}]},{\"@type\":\"ImageObject\",\"inLanguage\":\"en-US\",\"@id\":\"https:\\\/\\\/www.ungerplus.de\\\/projekte\\\/landtag-von-baden-wuerttemberg\\\/#primaryimage\",\"url\":\"https:\\\/\\\/www.ungerplus.de\\\/wp-content\\\/uploads\\\/2022\\\/11\\\/ungerplus_landtagbw_uebersicht.jpg\",\"contentUrl\":\"https:\\\/\\\/www.ungerplus.de\\\/wp-content\\\/uploads\\\/2022\\\/11\\\/ungerplus_landtagbw_uebersicht.jpg\",\"width\":1600,\"height\":650,\"caption\":\"ungerplus_landtagbw_uebersicht\"},{\"@type\":\"BreadcrumbList\",\"@id\":\"https:\\\/\\\/www.ungerplus.de\\\/projekte\\\/landtag-von-baden-wuerttemberg\\\/#breadcrumb\",\"itemListElement\":[{\"@type\":\"ListItem\",\"position\":1,\"name\":\"Startseite\",\"item\":\"https:\\\/\\\/www.ungerplus.de\\\/en\\\/home\\\/\"},{\"@type\":\"ListItem\",\"position\":2,\"name\":\"Landtag BW\"}]},{\"@type\":\"WebSite\",\"@id\":\"https:\\\/\\\/www.ungerplus.de\\\/#website\",\"url\":\"https:\\\/\\\/www.ungerplus.de\\\/\",\"name\":\"unger+ kreative strategen\",\"description\":\"Design und Werbung aus Stuttgart\",\"potentialAction\":[{\"@type\":\"SearchAction\",\"target\":{\"@type\":\"EntryPoint\",\"urlTemplate\":\"https:\\\/\\\/www.ungerplus.de\\\/?s={search_term_string}\"},\"query-input\":{\"@type\":\"PropertyValueSpecification\",\"valueRequired\":true,\"valueName\":\"search_term_string\"}}],\"inLanguage\":\"en-US\"}]}<\/script>\n<!-- \/ Yoast SEO plugin. -->","yoast_head_json":{"title":"Landtag BW | unger+ kreative strategen","robots":{"index":"index","follow":"follow","max-snippet":"max-snippet:-1","max-image-preview":"max-image-preview:large","max-video-preview":"max-video-preview:-1"},"canonical":"https:\/\/www.ungerplus.de\/projekte\/landtag-von-baden-wuerttemberg\/","og_locale":"en_US","og_type":"article","og_title":"Landtag BW | unger+ kreative strategen","og_description":"WENN ES KEINE PARLAMENTE G\u00c4BE, K\u00d6NNTE JEDER KELLNER REGIEREN.Der Landtag von Baden-W\u00fcrttemberg ist das Parlament des Landes \u2013 und wir sind die Design-Abgeordneten. Informationen \u00fcber die Aufgaben und Zust\u00e4ndigkeiten, \u00fcber Abgeordnete und Fraktionen tragen wir akribisch genau in dem j\u00e4hrlich erscheinenden Landtagsspiegel, f\u00fcr den wir Layout, Satz und Design machen, zusammen. Auch die Kinderbrosch\u00fcre des [&hellip;]","og_url":"https:\/\/www.ungerplus.de\/projekte\/landtag-von-baden-wuerttemberg\/","og_site_name":"unger+ kreative strategen","article_modified_time":"2022-12-05T20:30:05+00:00","og_image":[{"width":1600,"height":650,"url":"https:\/\/www.ungerplus.de\/wp-content\/uploads\/2022\/11\/ungerplus_landtagbw_uebersicht.jpg","type":"image\/jpeg"}],"twitter_card":"summary_large_image","twitter_misc":{"Est. reading time":"4 minutes"},"schema":{"@context":"https:\/\/schema.org","@graph":[{"@type":"WebPage","@id":"https:\/\/www.ungerplus.de\/projekte\/landtag-von-baden-wuerttemberg\/","url":"https:\/\/www.ungerplus.de\/projekte\/landtag-von-baden-wuerttemberg\/","name":"Landtag BW | unger+ kreative strategen","isPartOf":{"@id":"https:\/\/www.ungerplus.de\/#website"},"primaryImageOfPage":{"@id":"https:\/\/www.ungerplus.de\/projekte\/landtag-von-baden-wuerttemberg\/#primaryimage"},"image":{"@id":"https:\/\/www.ungerplus.de\/projekte\/landtag-von-baden-wuerttemberg\/#primaryimage"},"thumbnailUrl":"https:\/\/www.ungerplus.de\/wp-content\/uploads\/2022\/11\/ungerplus_landtagbw_uebersicht.jpg","datePublished":"2022-11-25T14:52:30+00:00","dateModified":"2022-12-05T20:30:05+00:00","breadcrumb":{"@id":"https:\/\/www.ungerplus.de\/projekte\/landtag-von-baden-wuerttemberg\/#breadcrumb"},"inLanguage":"en-US","potentialAction":[{"@type":"ReadAction","target":["https:\/\/www.ungerplus.de\/projekte\/landtag-von-baden-wuerttemberg\/"]}]},{"@type":"ImageObject","inLanguage":"en-US","@id":"https:\/\/www.ungerplus.de\/projekte\/landtag-von-baden-wuerttemberg\/#primaryimage","url":"https:\/\/www.ungerplus.de\/wp-content\/uploads\/2022\/11\/ungerplus_landtagbw_uebersicht.jpg","contentUrl":"https:\/\/www.ungerplus.de\/wp-content\/uploads\/2022\/11\/ungerplus_landtagbw_uebersicht.jpg","width":1600,"height":650,"caption":"ungerplus_landtagbw_uebersicht"},{"@type":"BreadcrumbList","@id":"https:\/\/www.ungerplus.de\/projekte\/landtag-von-baden-wuerttemberg\/#breadcrumb","itemListElement":[{"@type":"ListItem","position":1,"name":"Startseite","item":"https:\/\/www.ungerplus.de\/en\/home\/"},{"@type":"ListItem","position":2,"name":"Landtag BW"}]},{"@type":"WebSite","@id":"https:\/\/www.ungerplus.de\/#website","url":"https:\/\/www.ungerplus.de\/","name":"unger+ kreative strategen","description":"Design und Werbung aus Stuttgart","potentialAction":[{"@type":"SearchAction","target":{"@type":"EntryPoint","urlTemplate":"https:\/\/www.ungerplus.de\/?s={search_term_string}"},"query-input":{"@type":"PropertyValueSpecification","valueRequired":true,"valueName":"search_term_string"}}],"inLanguage":"en-US"}]}},"_links":{"self":[{"href":"https:\/\/www.ungerplus.de\/en\/wp-json\/wp\/v2\/project\/3143","targetHints":{"allow":["GET"]}}],"collection":[{"href":"https:\/\/www.ungerplus.de\/en\/wp-json\/wp\/v2\/project"}],"about":[{"href":"https:\/\/www.ungerplus.de\/en\/wp-json\/wp\/v2\/types\/project"}],"author":[{"embeddable":true,"href":"https:\/\/www.ungerplus.de\/en\/wp-json\/wp\/v2\/users\/3"}],"version-history":[{"count":21,"href":"https:\/\/www.ungerplus.de\/en\/wp-json\/wp\/v2\/project\/3143\/revisions"}],"predecessor-version":[{"id":4732,"href":"https:\/\/www.ungerplus.de\/en\/wp-json\/wp\/v2\/project\/3143\/revisions\/4732"}],"wp:featuredmedia":[{"embeddable":true,"href":"https:\/\/www.ungerplus.de\/en\/wp-json\/wp\/v2\/media\/3231"}],"wp:attachment":[{"href":"https:\/\/www.ungerplus.de\/en\/wp-json\/wp\/v2\/media?parent=3143"}],"wp:term":[{"taxonomy":"project_category","embeddable":true,"href":"https:\/\/www.ungerplus.de\/en\/wp-json\/wp\/v2\/project_category?post=3143"},{"taxonomy":"project_tag","embeddable":true,"href":"https:\/\/www.ungerplus.de\/en\/wp-json\/wp\/v2\/project_tag?post=3143"}],"curies":[{"name":"wp","href":"https:\/\/api.w.org\/{rel}","templated":true}]}}