{"id":2883,"date":"2022-11-24T17:23:43","date_gmt":"2022-11-24T16:23:43","guid":{"rendered":"https:\/\/www.ungerplus.de\/?post_type=project&#038;p=2883"},"modified":"2022-11-30T15:04:03","modified_gmt":"2022-11-30T14:04:03","slug":"ministerium-fuer-laendlichen-raum-und-verbraucherschutz-bw","status":"publish","type":"project","link":"https:\/\/www.ungerplus.de\/en\/projekte\/ministerium-fuer-laendlichen-raum-und-verbraucherschutz-bw\/","title":{"rendered":"MINISTERIUM F\u00dcR L\u00c4NDLICHEN RAUM UND VERBRAUCHERSCHUTZ BW"},"content":{"rendered":"<p>[et_pb_section fb_built=&#8221;1&#8243; admin_label=&#8221;Sektion&#8221; _builder_version=&#8221;4.18.0&#8243; _module_preset=&#8221;default&#8221; background_enable_color=&#8221;off&#8221; width=&#8221;100%&#8221; max_width=&#8221;100%&#8221; custom_margin=&#8221;0px||0px||false|false&#8221; custom_padding=&#8221;0px||0px||false|false&#8221; locked=&#8221;off&#8221; global_colors_info=&#8221;{}&#8221;][et_pb_row column_structure=&#8221;1_3,2_3&#8243; use_custom_gutter=&#8221;on&#8221; gutter_width=&#8221;1&#8243; make_equal=&#8221;on&#8221; module_class=&#8221;header-img&#8221; _builder_version=&#8221;4.18.0&#8243; _module_preset=&#8221;default&#8221; width=&#8221;100%&#8221; max_width=&#8221;100%&#8221; custom_padding=&#8221;0px||0px||false|false&#8221; global_colors_info=&#8221;{}&#8221;][et_pb_column type=&#8221;1_3&#8243; _builder_version=&#8221;4.17.6&#8243; _module_preset=&#8221;default&#8221; global_colors_info=&#8221;{}&#8221;][\/et_pb_column][et_pb_column type=&#8221;2_3&#8243; module_class=&#8221;header-colmobile&#8221; _builder_version=&#8221;4.18.0&#8243; _module_preset=&#8221;default&#8221; global_colors_info=&#8221;{}&#8221;][et_pb_image src=&#8221;https:\/\/www.ungerplus.de\/wp-content\/uploads\/2022\/11\/ungerplus_Website_Headerbilder_mlr-1.jpg&#8221; align=&#8221;right&#8221; _builder_version=&#8221;4.19.0&#8243; _module_preset=&#8221;default&#8221; hover_enabled=&#8221;0&#8243; global_colors_info=&#8221;{}&#8221; title_text=&#8221;ungerplus_Website_Headerbilder_mlr&#8221; sticky_enabled=&#8221;0&#8243;][\/et_pb_image][\/et_pb_column][\/et_pb_row][\/et_pb_section][et_pb_section fb_built=&#8221;1&#8243; custom_padding_last_edited=&#8221;on|tablet&#8221; admin_label=&#8221;Sektion&#8221; _builder_version=&#8221;4.18.0&#8243; _module_preset=&#8221;default&#8221; background_enable_color=&#8221;off&#8221; width=&#8221;100%&#8221; max_width=&#8221;100%&#8221; custom_margin=&#8221;0px||0px||false|false&#8221; custom_padding=&#8221;0px||0px||false|false&#8221; custom_padding_tablet=&#8221;50px||||false|false&#8221; custom_padding_phone=&#8221;50px||||false|false&#8221; locked=&#8221;off&#8221; global_colors_info=&#8221;{}&#8221;][et_pb_row use_custom_gutter=&#8221;on&#8221; gutter_width=&#8221;1&#8243; make_equal=&#8221;on&#8221; _builder_version=&#8221;4.17.6&#8243; _module_preset=&#8221;default&#8221; custom_padding=&#8221;0px||0px||false|false&#8221; global_colors_info=&#8221;{}&#8221;][et_pb_column type=&#8221;4_4&#8243; _builder_version=&#8221;4.17.6&#8243; _module_preset=&#8221;default&#8221; global_colors_info=&#8221;{}&#8221;][et_pb_text module_class=&#8221;header-title&#8221; _builder_version=&#8221;4.18.0&#8243; _dynamic_attributes=&#8221;content&#8221; _module_preset=&#8221;default&#8221; background_layout=&#8221;dark&#8221; custom_margin=&#8221;||80px||false|false&#8221; custom_margin_tablet=&#8221;||20px||false|false&#8221; custom_margin_phone=&#8221;||20px||false|false&#8221; custom_margin_last_edited=&#8221;on|tablet&#8221; global_colors_info=&#8221;{}&#8221;]@ET-DC@eyJkeW5hbWljIjp0cnVlLCJjb250ZW50IjoicG9zdF90aXRsZSIsInNldHRpbmdzIjp7ImJlZm9yZSI6IiIsImFmdGVyIjoiIn19@[\/et_pb_text][et_pb_text module_class=&#8221;font-animated&#8221; _builder_version=&#8221;4.19.0&#8243; _module_preset=&#8221;default&#8221; width=&#8221;100%&#8221; width_tablet=&#8221;&#8221; width_phone=&#8221;&#8221; width_last_edited=&#8221;on|desktop&#8221; max_width=&#8221;1080px&#8221; global_colors_info=&#8221;{}&#8221;]<\/p>\n<h3 class=\"align-center\">VERBRAUCHER SIND F\u00dcR DIE WIRTSCHAFT DAS, WAS DER W\u00c4HLER F\u00dcR DIE POLITIK IST.<\/h3>\n<p>[\/et_pb_text][et_pb_text _builder_version=&#8221;4.19.0&#8243; _module_preset=&#8221;default&#8221; background_layout=&#8221;dark&#8221; width=&#8221;100%&#8221; width_tablet=&#8221;&#8221; width_phone=&#8221;&#8221; width_last_edited=&#8221;on|desktop&#8221; max_width=&#8221;1080px&#8221; global_colors_info=&#8221;{}&#8221;]<\/p>\n<p>Jim Turner, ein amerikanischer Wirtschaftsjournalist bringt es auf den Punkt: dies ist ein sehr wichtiges Ministerium f\u00fcr unsere Landesregierung! Und f\u00fcr die Pressestelle des MLR haben wir die Imagebrosch\u00fcre und s\u00e4mtliche begleitende Imagematerialien gemacht. F\u00fcr dessen Referate Verbraucherpolitik \/ \u00d6kologischer Landbau \/ Bildung und Beratung \/ Naturschutz \/ Tierschutz gestalten wir Brosch\u00fcren, Berichte, Flyer, Rollups, Plakate, Landingpages, Give-aways, organisieren wir Shootings und Wettbewerbe.<\/p>\n<p>[\/et_pb_text][\/et_pb_column][\/et_pb_row][\/et_pb_section][et_pb_section fb_built=&#8221;1&#8243; custom_padding_last_edited=&#8221;on|tablet&#8221; _builder_version=&#8221;4.18.0&#8243; _module_preset=&#8221;default&#8221; background_color=&#8221;RGBA(255,255,255,0)&#8221; custom_padding=&#8221;123px||0px||false|false&#8221; custom_padding_tablet=&#8221;20px||||false|false&#8221; custom_padding_phone=&#8221;20px||||false|false&#8221; global_colors_info=&#8221;{}&#8221;][et_pb_row _builder_version=&#8221;4.18.0&#8243; _module_preset=&#8221;default&#8221; custom_padding=&#8221;15px||15px||false|false&#8221; global_colors_info=&#8221;{}&#8221;][et_pb_column type=&#8221;4_4&#8243; _builder_version=&#8221;4.18.0&#8243; _module_preset=&#8221;default&#8221; animation_style=&#8221;slide&#8221; animation_direction=&#8221;bottom&#8221; animation_duration=&#8221;700ms&#8221; animation_intensity_slide=&#8221;20%&#8221; global_colors_info=&#8221;{}&#8221;][et_pb_image src=&#8221;https:\/\/www.ungerplus.de\/wp-content\/uploads\/2022\/11\/ungerplus_mlrbw_slider_4.jpg&#8221; alt=&#8221;MLR Naturschutzstrategie BW Titelseite&#8221; _builder_version=&#8221;4.19.0&#8243; _module_preset=&#8221;default&#8221; animation_direction=&#8221;bottom&#8221; global_colors_info=&#8221;{}&#8221;][\/et_pb_image][\/et_pb_column][\/et_pb_row][et_pb_row _builder_version=&#8221;4.18.0&#8243; _module_preset=&#8221;default&#8221; custom_padding=&#8221;15px||15px||false|false&#8221; global_colors_info=&#8221;{}&#8221;][et_pb_column type=&#8221;4_4&#8243; _builder_version=&#8221;4.18.0&#8243; _module_preset=&#8221;default&#8221; animation_style=&#8221;slide&#8221; animation_direction=&#8221;bottom&#8221; animation_duration=&#8221;700ms&#8221; animation_intensity_slide=&#8221;20%&#8221; global_colors_info=&#8221;{}&#8221;][et_pb_image src=&#8221;https:\/\/www.ungerplus.de\/wp-content\/uploads\/2022\/11\/ungerplus_mlrbw_8.jpg&#8221; alt=&#8221;MLR Naturschutzstrategie BW visual&#8221; title_text=&#8221;D.A.S. Brosch\u00fcrentitel&#8221; _builder_version=&#8221;4.19.0&#8243; _module_preset=&#8221;default&#8221; animation_direction=&#8221;bottom&#8221; global_colors_info=&#8221;{}&#8221;][\/et_pb_image][\/et_pb_column][\/et_pb_row][et_pb_row column_structure=&#8221;1_2,1_2&#8243; use_custom_gutter=&#8221;on&#8221; gutter_width=&#8221;1&#8243; make_equal=&#8221;on&#8221; module_class=&#8221;porfolio-twoimg&#8221; _builder_version=&#8221;4.18.0&#8243; _module_preset=&#8221;default&#8221; custom_padding=&#8221;15px||15px||false|false&#8221; global_colors_info=&#8221;{}&#8221;][et_pb_column type=&#8221;1_2&#8243; _builder_version=&#8221;4.18.0&#8243; _module_preset=&#8221;default&#8221; background_color=&#8221;#2f2f2f&#8221; animation_style=&#8221;slide&#8221; animation_direction=&#8221;bottom&#8221; animation_duration=&#8221;700ms&#8221; animation_intensity_slide=&#8221;20%&#8221; global_colors_info=&#8221;{}&#8221;][et_pb_image src=&#8221;https:\/\/www.ungerplus.de\/wp-content\/uploads\/2022\/11\/ungerplus_mlrbw_6.jpg&#8221; alt=&#8221;MLR Naturschutzstrategie BW Brosch\u00fcre &#8221; admin_label=&#8221;Bild&#8221; _builder_version=&#8221;4.19.0&#8243; _module_preset=&#8221;default&#8221; animation_direction=&#8221;bottom&#8221; global_colors_info=&#8221;{}&#8221;][\/et_pb_image][\/et_pb_column][et_pb_column type=&#8221;1_2&#8243; _builder_version=&#8221;4.18.0&#8243; _module_preset=&#8221;default&#8221; background_color=&#8221;#2f2f2f&#8221; animation_style=&#8221;slide&#8221; animation_direction=&#8221;bottom&#8221; animation_duration=&#8221;700ms&#8221; animation_intensity_slide=&#8221;20%&#8221; global_colors_info=&#8221;{}&#8221;][et_pb_image src=&#8221;https:\/\/www.ungerplus.de\/wp-content\/uploads\/2022\/11\/ungerplus_mlrbw_7.jpg&#8221; alt=&#8221;MLR \u00d6kogischer Landbau in BW Roll-ups&#8221; _builder_version=&#8221;4.19.0&#8243; _module_preset=&#8221;default&#8221; animation_direction=&#8221;bottom&#8221; global_colors_info=&#8221;{}&#8221;][\/et_pb_image][\/et_pb_column][\/et_pb_row][et_pb_row _builder_version=&#8221;4.18.0&#8243; _module_preset=&#8221;default&#8221; custom_padding=&#8221;15px||15px||false|false&#8221; global_colors_info=&#8221;{}&#8221;][et_pb_column type=&#8221;4_4&#8243; _builder_version=&#8221;4.18.0&#8243; _module_preset=&#8221;default&#8221; animation_style=&#8221;slide&#8221; animation_direction=&#8221;bottom&#8221; animation_duration=&#8221;700ms&#8221; animation_intensity_slide=&#8221;20%&#8221; global_colors_info=&#8221;{}&#8221;][et_pb_image src=&#8221;https:\/\/www.ungerplus.de\/wp-content\/uploads\/2022\/11\/ungerplus_mlrbw_slider_7.jpg&#8221; alt=&#8221;MLR \u00d6kogischer Landbau in BW Brosch\u00fcre&#8221; _builder_version=&#8221;4.19.0&#8243; _module_preset=&#8221;default&#8221; animation_direction=&#8221;bottom&#8221; global_colors_info=&#8221;{}&#8221;][\/et_pb_image][\/et_pb_column][\/et_pb_row][et_pb_row _builder_version=&#8221;4.18.0&#8243; _module_preset=&#8221;default&#8221; custom_padding=&#8221;15px||15px||false|false&#8221; global_colors_info=&#8221;{}&#8221;][et_pb_column type=&#8221;4_4&#8243; _builder_version=&#8221;4.18.0&#8243; _module_preset=&#8221;default&#8221; animation_style=&#8221;slide&#8221; animation_direction=&#8221;bottom&#8221; animation_duration=&#8221;700ms&#8221; animation_intensity_slide=&#8221;20%&#8221; global_colors_info=&#8221;{}&#8221;][et_pb_image src=&#8221;https:\/\/www.ungerplus.de\/wp-content\/uploads\/2022\/11\/ungerplus_mlrbw_slider_9.jpg&#8221; alt=&#8221;MLR Gr\u00fcne Berufe Brosch\u00fcre&#8221; _builder_version=&#8221;4.19.0&#8243; _module_preset=&#8221;default&#8221; animation_direction=&#8221;bottom&#8221; global_colors_info=&#8221;{}&#8221;][\/et_pb_image][\/et_pb_column][\/et_pb_row][et_pb_row _builder_version=&#8221;4.18.0&#8243; _module_preset=&#8221;default&#8221; custom_padding=&#8221;15px||15px||false|false&#8221; global_colors_info=&#8221;{}&#8221;][et_pb_column type=&#8221;4_4&#8243; _builder_version=&#8221;4.18.0&#8243; _module_preset=&#8221;default&#8221; animation_style=&#8221;slide&#8221; animation_direction=&#8221;bottom&#8221; animation_duration=&#8221;700ms&#8221; animation_intensity_slide=&#8221;20%&#8221; global_colors_info=&#8221;{}&#8221;][et_pb_image src=&#8221;https:\/\/www.ungerplus.de\/wp-content\/uploads\/2022\/11\/ungerplus_mlrbw_10.jpg&#8221; alt=&#8221;MLR Gr\u00fcne Berufe Brosch\u00fcre&#8221; _builder_version=&#8221;4.19.0&#8243; _module_preset=&#8221;default&#8221; animation_direction=&#8221;bottom&#8221; global_colors_info=&#8221;{}&#8221;][\/et_pb_image][\/et_pb_column][\/et_pb_row][et_pb_row column_structure=&#8221;1_2,1_2&#8243; use_custom_gutter=&#8221;on&#8221; gutter_width=&#8221;1&#8243; make_equal=&#8221;on&#8221; module_class=&#8221;porfolio-twoimg&#8221; _builder_version=&#8221;4.18.0&#8243; _module_preset=&#8221;default&#8221; custom_padding=&#8221;15px||15px||false|false&#8221; global_colors_info=&#8221;{}&#8221;][et_pb_column type=&#8221;1_2&#8243; _builder_version=&#8221;4.18.0&#8243; _module_preset=&#8221;default&#8221; background_color=&#8221;#2f2f2f&#8221; animation_style=&#8221;slide&#8221; animation_direction=&#8221;bottom&#8221; animation_duration=&#8221;700ms&#8221; animation_intensity_slide=&#8221;20%&#8221; global_colors_info=&#8221;{}&#8221;][et_pb_image src=&#8221;https:\/\/www.ungerplus.de\/wp-content\/uploads\/2022\/11\/ungerplus_mlrbw_11.jpg&#8221; alt=&#8221;MLR Verbraucherpolitischer Bericht BW 01&#8243; admin_label=&#8221;Bild&#8221; _builder_version=&#8221;4.19.0&#8243; _module_preset=&#8221;default&#8221; animation_direction=&#8221;bottom&#8221; global_colors_info=&#8221;{}&#8221;][\/et_pb_image][\/et_pb_column][et_pb_column type=&#8221;1_2&#8243; _builder_version=&#8221;4.18.0&#8243; _module_preset=&#8221;default&#8221; background_color=&#8221;#2f2f2f&#8221; animation_style=&#8221;slide&#8221; animation_direction=&#8221;bottom&#8221; animation_duration=&#8221;700ms&#8221; animation_intensity_slide=&#8221;20%&#8221; global_colors_info=&#8221;{}&#8221;][et_pb_image src=&#8221;https:\/\/www.ungerplus.de\/wp-content\/uploads\/2022\/11\/ungerplus_mlrbw_12.jpg&#8221; alt=&#8221;MLR Verbraucherpolitischer Bericht BW 02&#8243; _builder_version=&#8221;4.19.0&#8243; _module_preset=&#8221;default&#8221; animation_direction=&#8221;bottom&#8221; global_colors_info=&#8221;{}&#8221;][\/et_pb_image][\/et_pb_column][\/et_pb_row][et_pb_row _builder_version=&#8221;4.18.0&#8243; _module_preset=&#8221;default&#8221; custom_padding=&#8221;15px||15px||false|false&#8221; global_colors_info=&#8221;{}&#8221;][et_pb_column type=&#8221;4_4&#8243; _builder_version=&#8221;4.18.0&#8243; _module_preset=&#8221;default&#8221; animation_style=&#8221;slide&#8221; animation_direction=&#8221;bottom&#8221; animation_duration=&#8221;700ms&#8221; animation_intensity_slide=&#8221;20%&#8221; global_colors_info=&#8221;{}&#8221;][et_pb_image src=&#8221;https:\/\/www.ungerplus.de\/wp-content\/uploads\/2022\/11\/ungerplus_mlrbw_13.jpg&#8221; alt=&#8221;MLR Verbraucherpolitischer Bericht BW 03&#8243; _builder_version=&#8221;4.19.0&#8243; _module_preset=&#8221;default&#8221; animation_direction=&#8221;bottom&#8221; global_colors_info=&#8221;{}&#8221;][\/et_pb_image][\/et_pb_column][\/et_pb_row][\/et_pb_section][et_pb_section fb_built=&#8221;1&#8243; custom_padding_last_edited=&#8221;on|tablet&#8221; _builder_version=&#8221;4.18.0&#8243; _module_preset=&#8221;default&#8221; custom_padding=&#8221;100px||||false|false&#8221; custom_padding_tablet=&#8221;35px||25px||false|false&#8221; custom_padding_phone=&#8221;35px||25px||false|false&#8221; global_colors_info=&#8221;{}&#8221;][et_pb_row column_structure=&#8221;1_4,1_4,1_4,1_4&#8243; module_class=&#8221;portfolio-partner&#8221; _builder_version=&#8221;4.18.0&#8243; _module_preset=&#8221;default&#8221; custom_padding=&#8221;0px||0px||false|false&#8221; global_colors_info=&#8221;{}&#8221;][et_pb_column type=&#8221;1_4&#8243; _builder_version=&#8221;4.18.0&#8243; _module_preset=&#8221;default&#8221; global_colors_info=&#8221;{}&#8221;][et_pb_text module_class=&#8221;overline grey&#8221; _builder_version=&#8221;4.19.0&#8243; _module_preset=&#8221;default&#8221; custom_margin=&#8221;||0px||false|false&#8221; global_colors_info=&#8221;{}&#8221;]Agentur[\/et_pb_text][et_pb_text module_class=&#8221;overline&#8221; _builder_version=&#8221;4.19.0&#8243; _module_preset=&#8221;default&#8221; background_layout=&#8221;dark&#8221; custom_margin=&#8221;||0px||false|false&#8221; global_colors_info=&#8221;{}&#8221;]<\/p>\n<p>unger+<\/p>\n<p>[\/et_pb_text][\/et_pb_column][et_pb_column type=&#8221;1_4&#8243; _builder_version=&#8221;4.18.0&#8243; _module_preset=&#8221;default&#8221; global_colors_info=&#8221;{}&#8221;][\/et_pb_column][et_pb_column type=&#8221;1_4&#8243; _builder_version=&#8221;4.18.0&#8243; _module_preset=&#8221;default&#8221; global_colors_info=&#8221;{}&#8221;][\/et_pb_column][et_pb_column type=&#8221;1_4&#8243; _builder_version=&#8221;4.18.0&#8243; _module_preset=&#8221;default&#8221; global_colors_info=&#8221;{}&#8221;][\/et_pb_column][\/et_pb_row][\/et_pb_section][et_pb_section fb_built=&#8221;1&#8243; custom_padding_last_edited=&#8221;off|tablet&#8221; module_class=&#8221;cta-section&#8221; _builder_version=&#8221;4.18.0&#8243; _module_preset=&#8221;default&#8221; custom_padding=&#8221;||0px||false|false&#8221; custom_padding_tablet=&#8221;50px||||false|false&#8221; custom_padding_phone=&#8221;50px||||false|false&#8221; global_module=&#8221;1772&#8243; saved_tabs=&#8221;all&#8221; locked=&#8221;off&#8221; global_colors_info=&#8221;{}&#8221;][et_pb_row column_structure=&#8221;1_4,3_4&#8243; _builder_version=&#8221;4.18.0&#8243; _module_preset=&#8221;default&#8221; background_enable_color=&#8221;off&#8221; width_tablet=&#8221;&#8221; width_phone=&#8221;94%&#8221; width_last_edited=&#8221;on|phone&#8221; custom_margin_tablet=&#8221;&#8221; custom_margin_phone=&#8221;|0px|||false|false&#8221; custom_margin_last_edited=&#8221;on|phone&#8221; custom_padding=&#8221;0px||0px||false|false&#8221; global_colors_info=&#8221;{}&#8221;][et_pb_column type=&#8221;1_4&#8243; _builder_version=&#8221;4.17.6&#8243; _module_preset=&#8221;default&#8221; global_colors_info=&#8221;{}&#8221;][\/et_pb_column][et_pb_column type=&#8221;3_4&#8243; module_class=&#8221;bg-animated cta-module&#8221; _builder_version=&#8221;4.18.0&#8243; _module_preset=&#8221;default&#8221; background_enable_color=&#8221;off&#8221; custom_padding_last_edited=&#8221;off|desktop&#8221; global_colors_info=&#8221;{}&#8221;][et_pb_text module_class=&#8221;subline&#8221; _builder_version=&#8221;4.19.0&#8243; _module_preset=&#8221;default&#8221; background_enable_color=&#8221;off&#8221; background_layout=&#8221;dark&#8221; custom_margin_tablet=&#8221;&#8221; custom_margin_phone=&#8221;||20px||false|false&#8221; custom_margin_last_edited=&#8221;on|phone&#8221; global_colors_info=&#8221;{}&#8221;]<\/p>\n<h2>Let&#8217;s work for you<\/h2>\n<p>Neues Projekt, aber noch keine Designagentur, die es gestaltet? No problem, wir helfen gerne! Einfach eine Mail schreiben mit allen wichtigen Infos. Wir h\u00f6ren uns!<\/p>\n<p>[\/et_pb_text][et_pb_button button_url=&#8221;mailto:hello@ungerplus.de&#8221; button_text=&#8221;work with u+&#8221; admin_label=&#8221;Button&#8221; _builder_version=&#8221;4.19.0&#8243; _module_preset=&#8221;default&#8221; custom_button=&#8221;on&#8221; button_border_width=&#8221;0px&#8221; button_use_icon=&#8221;off&#8221; global_colors_info=&#8221;{}&#8221;][\/et_pb_button][\/et_pb_column][\/et_pb_row][\/et_pb_section]<\/p>\n","protected":false},"excerpt":{"rendered":"<p>VERBRAUCHER SIND F\u00dcR DIE WIRTSCHAFT DAS, WAS DER W\u00c4HLER F\u00dcR DIE POLITIK IST.Jim Turner, ein amerikanischer Wirtschaftsjournalist bringt es auf den Punkt: dies ist ein sehr wichtiges Ministerium f\u00fcr unsere Landesregierung! Und f\u00fcr die Pressestelle des MLR haben wir die Imagebrosch\u00fcre und s\u00e4mtliche begleitende Imagematerialien gemacht. F\u00fcr dessen Referate Verbraucherpolitik \/ \u00d6kologischer Landbau \/ Bildung [&hellip;]<\/p>\n","protected":false},"author":4,"featured_media":2885,"template":"","meta":{"_acf_changed":false,"_et_pb_use_builder":"on","_et_pb_old_content":"","_et_gb_content_width":"","inline_featured_image":false,"footnotes":""},"project_category":[],"project_tag":[],"class_list":["post-2883","project","type-project","status-publish","has-post-thumbnail","hentry"],"acf":[],"yoast_head":"<!-- This site is optimized with the Yoast SEO plugin v27.3 - https:\/\/yoast.com\/product\/yoast-seo-wordpress\/ -->\n<title>MINISTERIUM F\u00dcR L\u00c4NDLICHEN RAUM UND VERBRAUCHERSCHUTZ BW | unger+ kreative strategen<\/title>\n<meta name=\"robots\" content=\"index, follow, max-snippet:-1, max-image-preview:large, max-video-preview:-1\" \/>\n<link rel=\"canonical\" href=\"https:\/\/www.ungerplus.de\/projekte\/ministerium-fuer-laendlichen-raum-und-verbraucherschutz-bw\/\" \/>\n<meta property=\"og:locale\" content=\"en_US\" \/>\n<meta property=\"og:type\" content=\"article\" \/>\n<meta property=\"og:title\" content=\"MINISTERIUM F\u00dcR L\u00c4NDLICHEN RAUM UND VERBRAUCHERSCHUTZ BW | unger+ kreative strategen\" \/>\n<meta property=\"og:description\" content=\"VERBRAUCHER SIND F\u00dcR DIE WIRTSCHAFT DAS, WAS DER W\u00c4HLER F\u00dcR DIE POLITIK IST.Jim Turner, ein amerikanischer Wirtschaftsjournalist bringt es auf den Punkt: dies ist ein sehr wichtiges Ministerium f\u00fcr unsere Landesregierung! Und f\u00fcr die Pressestelle des MLR haben wir die Imagebrosch\u00fcre und s\u00e4mtliche begleitende Imagematerialien gemacht. F\u00fcr dessen Referate Verbraucherpolitik \/ \u00d6kologischer Landbau \/ Bildung [&hellip;]\" \/>\n<meta property=\"og:url\" content=\"https:\/\/www.ungerplus.de\/projekte\/ministerium-fuer-laendlichen-raum-und-verbraucherschutz-bw\/\" \/>\n<meta property=\"og:site_name\" content=\"unger+ kreative strategen\" \/>\n<meta property=\"article:modified_time\" content=\"2022-11-30T14:04:03+00:00\" \/>\n<meta property=\"og:image\" content=\"https:\/\/www.ungerplus.de\/wp-content\/uploads\/2022\/11\/ungerplus_mlrbw_projekt_1.jpg\" \/>\n\t<meta property=\"og:image:width\" content=\"1600\" \/>\n\t<meta property=\"og:image:height\" content=\"650\" \/>\n\t<meta property=\"og:image:type\" content=\"image\/jpeg\" \/>\n<meta name=\"twitter:card\" content=\"summary_large_image\" \/>\n<meta name=\"twitter:label1\" content=\"Est. reading time\" \/>\n\t<meta name=\"twitter:data1\" content=\"4 minutes\" \/>\n<script type=\"application\/ld+json\" class=\"yoast-schema-graph\">{\"@context\":\"https:\\\/\\\/schema.org\",\"@graph\":[{\"@type\":\"WebPage\",\"@id\":\"https:\\\/\\\/www.ungerplus.de\\\/projekte\\\/ministerium-fuer-laendlichen-raum-und-verbraucherschutz-bw\\\/\",\"url\":\"https:\\\/\\\/www.ungerplus.de\\\/projekte\\\/ministerium-fuer-laendlichen-raum-und-verbraucherschutz-bw\\\/\",\"name\":\"MINISTERIUM F\u00dcR L\u00c4NDLICHEN RAUM UND VERBRAUCHERSCHUTZ BW | unger+ kreative strategen\",\"isPartOf\":{\"@id\":\"https:\\\/\\\/www.ungerplus.de\\\/#website\"},\"primaryImageOfPage\":{\"@id\":\"https:\\\/\\\/www.ungerplus.de\\\/projekte\\\/ministerium-fuer-laendlichen-raum-und-verbraucherschutz-bw\\\/#primaryimage\"},\"image\":{\"@id\":\"https:\\\/\\\/www.ungerplus.de\\\/projekte\\\/ministerium-fuer-laendlichen-raum-und-verbraucherschutz-bw\\\/#primaryimage\"},\"thumbnailUrl\":\"https:\\\/\\\/www.ungerplus.de\\\/wp-content\\\/uploads\\\/2022\\\/11\\\/ungerplus_mlrbw_projekt_1.jpg\",\"datePublished\":\"2022-11-24T16:23:43+00:00\",\"dateModified\":\"2022-11-30T14:04:03+00:00\",\"breadcrumb\":{\"@id\":\"https:\\\/\\\/www.ungerplus.de\\\/projekte\\\/ministerium-fuer-laendlichen-raum-und-verbraucherschutz-bw\\\/#breadcrumb\"},\"inLanguage\":\"en-US\",\"potentialAction\":[{\"@type\":\"ReadAction\",\"target\":[\"https:\\\/\\\/www.ungerplus.de\\\/projekte\\\/ministerium-fuer-laendlichen-raum-und-verbraucherschutz-bw\\\/\"]}]},{\"@type\":\"ImageObject\",\"inLanguage\":\"en-US\",\"@id\":\"https:\\\/\\\/www.ungerplus.de\\\/projekte\\\/ministerium-fuer-laendlichen-raum-und-verbraucherschutz-bw\\\/#primaryimage\",\"url\":\"https:\\\/\\\/www.ungerplus.de\\\/wp-content\\\/uploads\\\/2022\\\/11\\\/ungerplus_mlrbw_projekt_1.jpg\",\"contentUrl\":\"https:\\\/\\\/www.ungerplus.de\\\/wp-content\\\/uploads\\\/2022\\\/11\\\/ungerplus_mlrbw_projekt_1.jpg\",\"width\":1600,\"height\":650},{\"@type\":\"BreadcrumbList\",\"@id\":\"https:\\\/\\\/www.ungerplus.de\\\/projekte\\\/ministerium-fuer-laendlichen-raum-und-verbraucherschutz-bw\\\/#breadcrumb\",\"itemListElement\":[{\"@type\":\"ListItem\",\"position\":1,\"name\":\"Startseite\",\"item\":\"https:\\\/\\\/www.ungerplus.de\\\/en\\\/home\\\/\"},{\"@type\":\"ListItem\",\"position\":2,\"name\":\"MINISTERIUM F\u00dcR L\u00c4NDLICHEN RAUM UND VERBRAUCHERSCHUTZ BW\"}]},{\"@type\":\"WebSite\",\"@id\":\"https:\\\/\\\/www.ungerplus.de\\\/#website\",\"url\":\"https:\\\/\\\/www.ungerplus.de\\\/\",\"name\":\"unger+ kreative strategen\",\"description\":\"Design und Werbung aus Stuttgart\",\"potentialAction\":[{\"@type\":\"SearchAction\",\"target\":{\"@type\":\"EntryPoint\",\"urlTemplate\":\"https:\\\/\\\/www.ungerplus.de\\\/?s={search_term_string}\"},\"query-input\":{\"@type\":\"PropertyValueSpecification\",\"valueRequired\":true,\"valueName\":\"search_term_string\"}}],\"inLanguage\":\"en-US\"}]}<\/script>\n<!-- \/ Yoast SEO plugin. -->","yoast_head_json":{"title":"MINISTERIUM F\u00dcR L\u00c4NDLICHEN RAUM UND VERBRAUCHERSCHUTZ BW | unger+ kreative strategen","robots":{"index":"index","follow":"follow","max-snippet":"max-snippet:-1","max-image-preview":"max-image-preview:large","max-video-preview":"max-video-preview:-1"},"canonical":"https:\/\/www.ungerplus.de\/projekte\/ministerium-fuer-laendlichen-raum-und-verbraucherschutz-bw\/","og_locale":"en_US","og_type":"article","og_title":"MINISTERIUM F\u00dcR L\u00c4NDLICHEN RAUM UND VERBRAUCHERSCHUTZ BW | unger+ kreative strategen","og_description":"VERBRAUCHER SIND F\u00dcR DIE WIRTSCHAFT DAS, WAS DER W\u00c4HLER F\u00dcR DIE POLITIK IST.Jim Turner, ein amerikanischer Wirtschaftsjournalist bringt es auf den Punkt: dies ist ein sehr wichtiges Ministerium f\u00fcr unsere Landesregierung! Und f\u00fcr die Pressestelle des MLR haben wir die Imagebrosch\u00fcre und s\u00e4mtliche begleitende Imagematerialien gemacht. F\u00fcr dessen Referate Verbraucherpolitik \/ \u00d6kologischer Landbau \/ Bildung [&hellip;]","og_url":"https:\/\/www.ungerplus.de\/projekte\/ministerium-fuer-laendlichen-raum-und-verbraucherschutz-bw\/","og_site_name":"unger+ kreative strategen","article_modified_time":"2022-11-30T14:04:03+00:00","og_image":[{"width":1600,"height":650,"url":"https:\/\/www.ungerplus.de\/wp-content\/uploads\/2022\/11\/ungerplus_mlrbw_projekt_1.jpg","type":"image\/jpeg"}],"twitter_card":"summary_large_image","twitter_misc":{"Est. reading time":"4 minutes"},"schema":{"@context":"https:\/\/schema.org","@graph":[{"@type":"WebPage","@id":"https:\/\/www.ungerplus.de\/projekte\/ministerium-fuer-laendlichen-raum-und-verbraucherschutz-bw\/","url":"https:\/\/www.ungerplus.de\/projekte\/ministerium-fuer-laendlichen-raum-und-verbraucherschutz-bw\/","name":"MINISTERIUM F\u00dcR L\u00c4NDLICHEN RAUM UND VERBRAUCHERSCHUTZ BW | unger+ kreative strategen","isPartOf":{"@id":"https:\/\/www.ungerplus.de\/#website"},"primaryImageOfPage":{"@id":"https:\/\/www.ungerplus.de\/projekte\/ministerium-fuer-laendlichen-raum-und-verbraucherschutz-bw\/#primaryimage"},"image":{"@id":"https:\/\/www.ungerplus.de\/projekte\/ministerium-fuer-laendlichen-raum-und-verbraucherschutz-bw\/#primaryimage"},"thumbnailUrl":"https:\/\/www.ungerplus.de\/wp-content\/uploads\/2022\/11\/ungerplus_mlrbw_projekt_1.jpg","datePublished":"2022-11-24T16:23:43+00:00","dateModified":"2022-11-30T14:04:03+00:00","breadcrumb":{"@id":"https:\/\/www.ungerplus.de\/projekte\/ministerium-fuer-laendlichen-raum-und-verbraucherschutz-bw\/#breadcrumb"},"inLanguage":"en-US","potentialAction":[{"@type":"ReadAction","target":["https:\/\/www.ungerplus.de\/projekte\/ministerium-fuer-laendlichen-raum-und-verbraucherschutz-bw\/"]}]},{"@type":"ImageObject","inLanguage":"en-US","@id":"https:\/\/www.ungerplus.de\/projekte\/ministerium-fuer-laendlichen-raum-und-verbraucherschutz-bw\/#primaryimage","url":"https:\/\/www.ungerplus.de\/wp-content\/uploads\/2022\/11\/ungerplus_mlrbw_projekt_1.jpg","contentUrl":"https:\/\/www.ungerplus.de\/wp-content\/uploads\/2022\/11\/ungerplus_mlrbw_projekt_1.jpg","width":1600,"height":650},{"@type":"BreadcrumbList","@id":"https:\/\/www.ungerplus.de\/projekte\/ministerium-fuer-laendlichen-raum-und-verbraucherschutz-bw\/#breadcrumb","itemListElement":[{"@type":"ListItem","position":1,"name":"Startseite","item":"https:\/\/www.ungerplus.de\/en\/home\/"},{"@type":"ListItem","position":2,"name":"MINISTERIUM F\u00dcR L\u00c4NDLICHEN RAUM UND VERBRAUCHERSCHUTZ BW"}]},{"@type":"WebSite","@id":"https:\/\/www.ungerplus.de\/#website","url":"https:\/\/www.ungerplus.de\/","name":"unger+ kreative strategen","description":"Design und Werbung aus Stuttgart","potentialAction":[{"@type":"SearchAction","target":{"@type":"EntryPoint","urlTemplate":"https:\/\/www.ungerplus.de\/?s={search_term_string}"},"query-input":{"@type":"PropertyValueSpecification","valueRequired":true,"valueName":"search_term_string"}}],"inLanguage":"en-US"}]}},"_links":{"self":[{"href":"https:\/\/www.ungerplus.de\/en\/wp-json\/wp\/v2\/project\/2883","targetHints":{"allow":["GET"]}}],"collection":[{"href":"https:\/\/www.ungerplus.de\/en\/wp-json\/wp\/v2\/project"}],"about":[{"href":"https:\/\/www.ungerplus.de\/en\/wp-json\/wp\/v2\/types\/project"}],"author":[{"embeddable":true,"href":"https:\/\/www.ungerplus.de\/en\/wp-json\/wp\/v2\/users\/4"}],"version-history":[{"count":6,"href":"https:\/\/www.ungerplus.de\/en\/wp-json\/wp\/v2\/project\/2883\/revisions"}],"predecessor-version":[{"id":3923,"href":"https:\/\/www.ungerplus.de\/en\/wp-json\/wp\/v2\/project\/2883\/revisions\/3923"}],"wp:featuredmedia":[{"embeddable":true,"href":"https:\/\/www.ungerplus.de\/en\/wp-json\/wp\/v2\/media\/2885"}],"wp:attachment":[{"href":"https:\/\/www.ungerplus.de\/en\/wp-json\/wp\/v2\/media?parent=2883"}],"wp:term":[{"taxonomy":"project_category","embeddable":true,"href":"https:\/\/www.ungerplus.de\/en\/wp-json\/wp\/v2\/project_category?post=2883"},{"taxonomy":"project_tag","embeddable":true,"href":"https:\/\/www.ungerplus.de\/en\/wp-json\/wp\/v2\/project_tag?post=2883"}],"curies":[{"name":"wp","href":"https:\/\/api.w.org\/{rel}","templated":true}]}}